{"id":25354,"date":"2023-09-19T10:19:56","date_gmt":"2023-09-19T08:19:56","guid":{"rendered":"https:\/\/dev.breuell-hilgenfeldt.de\/25354-2\/"},"modified":"2025-05-28T12:49:39","modified_gmt":"2025-05-28T10:49:39","slug":"25354-2","status":"publish","type":"page","link":"https:\/\/alex.breuell-hilgenfeldt.de\/en\/privacy-policy\/","title":{"rendered":"Privacy policy"},"content":{"rendered":"\t\t<div data-elementor-type=\"wp-page\" data-elementor-id=\"25354\" class=\"elementor elementor-25354 elementor-3\" data-elementor-post-type=\"page\">\n\t\t\t\t<div class=\"wd-negative-gap elementor-element elementor-element-f62c6ba e-flex e-con-boxed e-con e-parent\" data-id=\"f62c6ba\" data-element_type=\"container\" data-e-type=\"container\">\n\t\t\t\t\t<div class=\"e-con-inner\">\n\t\t\t\t<div class=\"elementor-element elementor-element-eae97cf wd-width-100 exad-sticky-section-no exad-glass-effect-no elementor-widget elementor-widget-wd_title\" data-id=\"eae97cf\" data-element_type=\"widget\" data-e-type=\"widget\" data-widget_type=\"wd_title.default\">\n\t\t\t\t<div class=\"elementor-widget-container\">\n\t\t\t\t\t\t\t<div class=\"title-wrapper wd-set-mb reset-last-child wd-title-color-default wd-title-style-default wd-title-size-large text-left\">\n\n\t\t\t\n\t\t\t<div class=\"liner-continer\">\n\t\t\t\t<h4 class=\"woodmart-title-container title wd-fontsize-xxl\">Privacy policy<\/h4> \n\t\t\t\t\t\t\t<\/div>\n\n\t\t\t\t\t<\/div>\n\t\t\t\t\t\t<\/div>\n\t\t\t\t<\/div>\n\t\t\t\t<div class=\"elementor-element elementor-element-f6f8d4f color-scheme-inherit text-left exad-sticky-section-no exad-glass-effect-no elementor-widget elementor-widget-text-editor\" data-id=\"f6f8d4f\" data-element_type=\"widget\" data-e-type=\"widget\" data-widget_type=\"text-editor.default\">\n\t\t\t\t<div class=\"elementor-widget-container\">\n\t\t\t\t\t\t\t\t\t&lt;div class=&#8221; et_pb_row et_pb_row_0&#8243;&gt;Wir freuen uns sehr \u00fcber Ihr Interesse an unserem Unternehmen. Datenschutz hat einen&lt;br \/&gt;besonders hohen Stellenwert f\u00fcr die Gesch\u00e4ftsleitung der Breuell &amp;amp; Hilgenfeldt GmbH. Eine&lt;br \/&gt;Nutzung der Internetseiten der Breuell &amp;amp; Hilgenfeldt GmbH ist grunds\u00e4tzlich ohne jede&lt;br \/&gt;Angabe personenbezogener Daten m\u00f6glich. Sofern eine betroffene Person besondere Services&lt;br \/&gt;unseres Unternehmens \u00fcber unsere Internetseite in Anspruch nehmen m\u00f6chte, k\u00f6nnte jedoch&lt;br \/&gt;eine Verarbeitung personenbezogener Daten erforderlich werden. Ist die Verarbeitung&lt;br \/&gt;personenbezogener Daten erforderlich und besteht f\u00fcr eine solche Verarbeitung keine&lt;br \/&gt;gesetzliche Grundlage, holen wir generell eine Einwilligung der betroffenen Person ein.&lt;\/div&gt;&lt;div&gt; &lt;\/div&gt;&lt;div class=&#8221; et_pb_row et_pb_row_0&#8243;&gt;Die Verarbeitung personenbezogener Daten, beispielsweise des Namens, der Anschrift, EMail-&lt;br \/&gt;Adresse oder Telefonnummer einer betroffenen Person, erfolgt stets im Einklang mit der&lt;br \/&gt;Datenschutz-Grundverordnung und in \u00dcbereinstimmung mit den f\u00fcr die Breuell &amp;amp;&lt;br \/&gt;Hilgenfeldt GmbH geltenden landesspezifischen Datenschutzbestimmungen. Mittels dieser&lt;br \/&gt;Datenschutzerkl\u00e4rung m\u00f6chte unser Unternehmen die \u00d6ffentlichkeit \u00fcber Art, Umfang und&lt;br \/&gt;Zweck der von uns erhobenen, genutzten und verarbeiteten personenbezogenen Daten&lt;br \/&gt;informieren. Ferner werden betroffene Personen mittels dieser Datenschutzerkl\u00e4rung \u00fcber die&lt;br \/&gt;ihnen zustehenden Rechte aufgekl\u00e4rt.&lt;\/div&gt;&lt;div&gt; &lt;\/div&gt;&lt;div class=&#8221; et_pb_row et_pb_row_0&#8243;&gt;Die Breuell &amp;amp; Hilgenfeldt GmbH hat als f\u00fcr die Verarbeitung Verantwortlicher zahlreiche&lt;br \/&gt;technische und organisatorische Ma\u00dfnahmen umgesetzt, um einen m\u00f6glichst l\u00fcckenlosen&lt;br \/&gt;Schutz der \u00fcber diese Internetseite verarbeiteten personenbezogenen Daten sicherzustellen.&lt;br \/&gt;Dennoch k\u00f6nnen Internetbasierte Daten\u00fcbertragungen grunds\u00e4tzlich Sicherheitsl\u00fccken&lt;br \/&gt;aufweisen, sodass ein absoluter Schutz nicht gew\u00e4hrleistet werden kann. Aus diesem Grund&lt;br \/&gt;steht es jeder betroffenen Person frei, personenbezogene Daten auch auf alternativen Wegen,&lt;br \/&gt;beispielsweise telefonisch, an uns zu \u00fcbermitteln.&lt;\/div&gt;&lt;div&gt; &lt;\/div&gt;&lt;div class=&#8221; et_pb_row et_pb_row_0&#8243;&gt;&lt;strong&gt;1. Begriffsbestimmungen&lt;\/strong&gt;&lt;strong&gt;&lt;br \/&gt;&lt;\/strong&gt;&lt;\/div&gt;&lt;div&gt; &lt;\/div&gt;&lt;div class=&#8221; et_pb_row et_pb_row_0&#8243;&gt;&lt;p&gt;Die Datenschutzerkl\u00e4rung der Breuell &amp;amp; Hilgenfeldt GmbH beruht auf den Begrifflichkeiten,&lt;br \/&gt;die durch den Europ\u00e4ischen Richtlinien- und Verordnungsgeber beim Erlass der Datenschutz-&lt;br \/&gt;Grundverordnung (DS-GVO) verwendet wurden. Unsere Datenschutzerkl\u00e4rung soll sowohl&lt;br \/&gt;f\u00fcr die \u00d6ffentlichkeit als auch f\u00fcr unsere Kunden und Gesch\u00e4ftspartner einfach lesbar und&lt;br \/&gt;verst\u00e4ndlich sein. Um dies zu gew\u00e4hrleisten, m\u00f6chten wir vorab die verwendeten&lt;br \/&gt;Begrifflichkeiten erl\u00e4utern.&lt;\/p&gt;&lt;\/div&gt;&lt;div class=&#8221; et_pb_row et_pb_row_0&#8243;&gt;Wir verwenden in dieser Datenschutzerkl\u00e4rung unter anderem die folgenden Begriffe:&lt;\/div&gt;&lt;div&gt; &lt;\/div&gt;&lt;div class=&#8221; et_pb_row et_pb_row_0&#8243;&gt;&lt;strong&gt;a) personenbezogene Daten&lt;\/strong&gt;&lt;strong&gt;&lt;br \/&gt;&lt;\/strong&gt;&lt;\/div&gt;&lt;div class=&#8221; et_pb_row et_pb_row_0&#8243;&gt;Personenbezogene Daten sind alle Informationen, die sich auf eine identifizierte oder&lt;br \/&gt;identifizierbare nat\u00fcrliche Person (im Folgenden \u201ebetroffene Person\u201c) beziehen. Als&lt;br \/&gt;identifizierbar wird eine nat\u00fcrliche Person angesehen, die direkt oder indirekt,&lt;br \/&gt;insbesondere mittels Zuordnung zu einer Kennung wie einem Namen, zu einer&lt;br \/&gt;Kennnummer, zu Standortdaten, zu einer Online-Kennung oder zu einem oder&lt;br \/&gt;mehreren besonderen Merkmalen, die Ausdruck der physischen, physiologischen,&lt;br \/&gt;genetischen, psychischen, wirtschaftlichen, kulturellen oder sozialen Identit\u00e4t dieser&lt;br \/&gt;nat\u00fcrlichen Person sind, identifiziert werden kann.&lt;\/div&gt;&lt;div&gt; &lt;\/div&gt;&lt;div class=&#8221; et_pb_row et_pb_row_0&#8243;&gt;&lt;strong&gt;b) betroffene Person&lt;\/strong&gt;&lt;\/div&gt;&lt;div class=&#8221; et_pb_row et_pb_row_0&#8243;&gt;Betroffene Person ist jede identifizierte oder identifizierbare nat\u00fcrliche Person, deren&lt;br \/&gt;personenbezogene Daten von dem f\u00fcr die Verarbeitung Verantwortlichen verarbeitet&lt;br \/&gt;werden.&lt;\/div&gt;&lt;div&gt; &lt;\/div&gt;&lt;div class=&#8221; et_pb_row et_pb_row_0&#8243;&gt;&lt;strong&gt;c) Verarbeitung&lt;\/strong&gt;&lt;\/div&gt;&lt;div class=&#8221; et_pb_row et_pb_row_0&#8243;&gt;Verarbeitung ist jeder mit oder ohne Hilfe automatisierter Verfahren ausgef\u00fchrte&lt;br \/&gt;Vorgang oder jede solche Vorgangsreihe im Zusammenhang mit personenbezogenen&lt;br \/&gt;Daten wie das Erheben, das Erfassen, die Organisation, das Ordnen, die Speicherung,&lt;br \/&gt;die Anpassung oder Ver\u00e4nderung, das Auslesen, das Abfragen, die Verwendung, die&lt;br \/&gt;Offenlegung durch \u00dcbermittlung, Verbreitung oder eine andere Form der&lt;br \/&gt;Bereitstellung, den Abgleich oder die Verkn\u00fcpfung, die Einschr\u00e4nkung, das L\u00f6schen&lt;br \/&gt;oder die Vernichtung.&lt;\/div&gt;&lt;div&gt; &lt;\/div&gt;&lt;div class=&#8221; et_pb_row et_pb_row_0&#8243;&gt;&lt;strong&gt;d) Einschr\u00e4nkung der Verarbeitung&lt;\/strong&gt;&lt;\/div&gt;&lt;div class=&#8221; et_pb_row et_pb_row_0&#8243;&gt;Einschr\u00e4nkung der Verarbeitung ist die Markierung gespeicherter personenbezogener&lt;br \/&gt;Daten mit dem Ziel, ihre k\u00fcnftige Verarbeitung einzuschr\u00e4nken.&lt;\/div&gt;&lt;div&gt; &lt;\/div&gt;&lt;div class=&#8221; et_pb_row et_pb_row_0&#8243;&gt;&lt;strong&gt;e) Profiling&lt;\/strong&gt;&lt;\/div&gt;&lt;div class=&#8221; et_pb_row et_pb_row_0&#8243;&gt;Profiling ist jede Art der automatisierten Verarbeitung personenbezogener Daten, die&lt;br \/&gt;darin besteht, dass diese personenbezogenen Daten verwendet werden, um bestimmte&lt;br \/&gt;pers\u00f6nliche Aspekte, die sich auf eine nat\u00fcrliche Person beziehen, zu bewerten,&lt;br \/&gt;insbesondere, um Aspekte bez\u00fcglich Arbeitsleistung, wirtschaftlicher Lage,&lt;br \/&gt;Gesundheit, pers\u00f6nlicher Vorlieben, Interessen, Zuverl\u00e4ssigkeit, Verhalten,&lt;br \/&gt;Aufenthaltsort oder Ortswechsel dieser nat\u00fcrlichen Person zu analysieren oder&lt;br \/&gt;vorherzusagen.&lt;\/div&gt;&lt;div&gt; &lt;\/div&gt;&lt;div class=&#8221; et_pb_row et_pb_row_0&#8243;&gt;&lt;strong&gt;f) Pseudonymisierung&lt;\/strong&gt;&lt;\/div&gt;&lt;div class=&#8221; et_pb_row et_pb_row_0&#8243;&gt;Pseudonymisierung ist die Verarbeitung personenbezogener Daten in einer Weise, auf&lt;br \/&gt;welche die personenbezogenen Daten ohne Hinzuziehung zus\u00e4tzlicher Informationen&lt;br \/&gt;nicht mehr einer spezifischen betroffenen Person zugeordnet werden k\u00f6nnen, sofern&lt;br \/&gt;diese zus\u00e4tzlichen Informationen gesondert aufbewahrt werden und technischen und&lt;br \/&gt;organisatorischen Ma\u00dfnahmen unterliegen, die gew\u00e4hrleisten, dass die&lt;br \/&gt;personenbezogenen Daten nicht einer identifizierten oder identifizierbaren nat\u00fcrlichen&lt;br \/&gt;Person zugewiesen werden.&lt;\/div&gt;&lt;div&gt; &lt;\/div&gt;&lt;div class=&#8221; et_pb_row et_pb_row_0&#8243;&gt;&lt;strong&gt;g) Verantwortlicher oder f\u00fcr die Verarbeitung Verantwortlicher&lt;\/strong&gt;&lt;\/div&gt;&lt;div class=&#8221; et_pb_row et_pb_row_0&#8243;&gt;Verantwortlicher oder f\u00fcr die Verarbeitung Verantwortlicher ist die nat\u00fcrliche oder&lt;br \/&gt;juristische Person, Beh\u00f6rde, Einrichtung oder andere Stelle, die allein oder gemeinsam&lt;br \/&gt;mit anderen \u00fcber die Zwecke und Mittel der Verarbeitung von personenbezogenen&lt;br \/&gt;Daten entscheidet. Sind die Zwecke und Mittel dieser Verarbeitung durch das&lt;br \/&gt;Unionsrecht oder das Recht der Mitgliedstaaten vorgegeben, so kann der&lt;br \/&gt;Verantwortliche beziehungsweise k\u00f6nnen die bestimmten Kriterien seiner Benennung&lt;br \/&gt;nach dem Unionsrecht oder dem Recht der Mitgliedstaaten vorgesehen werden.&lt;\/div&gt;&lt;div&gt; &lt;\/div&gt;&lt;div class=&#8221; et_pb_row et_pb_row_0&#8243;&gt;&lt;strong&gt;h) Auftragsverarbeiter&lt;\/strong&gt;&lt;\/div&gt;&lt;div class=&#8221; et_pb_row et_pb_row_0&#8243;&gt;Auftragsverarbeiter ist eine nat\u00fcrliche oder juristische Person, Beh\u00f6rde, Einrichtung&lt;br \/&gt;oder andere Stelle, die personenbezogene Daten im Auftrag des Verantwortlichen&lt;br \/&gt;verarbeitet.&lt;\/div&gt;&lt;div&gt; &lt;\/div&gt;&lt;div class=&#8221; et_pb_row et_pb_row_0&#8243;&gt;&lt;strong&gt;i) Empf\u00e4nger&lt;\/strong&gt;&lt;\/div&gt;&lt;div class=&#8221; et_pb_row et_pb_row_0&#8243;&gt;Empf\u00e4nger ist eine nat\u00fcrliche oder juristische Person, Beh\u00f6rde, Einrichtung oder&lt;br \/&gt;andere Stelle, der personenbezogene Daten offengelegt werden, unabh\u00e4ngig davon, ob&lt;br \/&gt;es sich bei ihr um einen Dritten handelt oder nicht. Beh\u00f6rden, die im Rahmen eines&lt;br \/&gt;bestimmten Untersuchungsauftrags nach dem Unionsrecht oder dem Recht der&lt;br \/&gt;Mitgliedstaaten m\u00f6glicherweise personenbezogene Daten erhalten, gelten jedoch nicht&lt;br \/&gt;als Empf\u00e4nger.&lt;\/div&gt;&lt;div&gt; &lt;\/div&gt;&lt;div class=&#8221; et_pb_row et_pb_row_0&#8243;&gt;&lt;strong&gt;j) Dritter&lt;\/strong&gt;&lt;\/div&gt;&lt;div class=&#8221; et_pb_row et_pb_row_0&#8243;&gt;Dritter ist eine nat\u00fcrliche oder juristische Person, Beh\u00f6rde, Einrichtung oder andere&lt;br \/&gt;Stelle au\u00dfer der betroffenen Person, dem Verantwortlichen, dem Auftragsverarbeiter&lt;br \/&gt;und den Personen, die unter der unmittelbaren Verantwortung des Verantwortlichen&lt;br \/&gt;oder des Auftragsverarbeiters befugt sind, die personenbezogenen Daten zu&lt;br \/&gt;verarbeiten.&lt;\/div&gt;&lt;div&gt; &lt;\/div&gt;&lt;div class=&#8221; et_pb_row et_pb_row_0&#8243;&gt;&lt;strong&gt;k) Einwilligung&lt;\/strong&gt;&lt;\/div&gt;&lt;div class=&#8221; et_pb_row et_pb_row_0&#8243;&gt;Einwilligung ist jede von der betroffenen Person freiwillig f\u00fcr den bestimmten Fall in&lt;br \/&gt;informierter Weise und unmissverst\u00e4ndlich abgegebene Willensbekundung in Form&lt;br \/&gt;einer Erkl\u00e4rung oder einer sonstigen eindeutigen best\u00e4tigenden Handlung, mit der die&lt;br \/&gt;betroffene Person zu verstehen gibt, dass sie mit der Verarbeitung der sie betreffenden&lt;br \/&gt;personenbezogenen Daten einverstanden ist.&lt;\/div&gt;&lt;div&gt; &lt;\/div&gt;&lt;div class=&#8221; et_pb_row et_pb_row_0&#8243;&gt;&lt;strong&gt;2. Name und Anschrift des f\u00fcr die Verarbeitung Verantwortlichen&lt;\/strong&gt;&lt;\/div&gt;&lt;div&gt; &lt;\/div&gt;&lt;div class=&#8221; et_pb_row et_pb_row_0&#8243;&gt;Verantwortlicher im Sinne der Datenschutz-Grundverordnung, sonstiger in den&lt;br \/&gt;Mitgliedstaaten der Europ\u00e4ischen Union geltenden Datenschutzgesetze und anderer&lt;br \/&gt;Bestimmungen mit datenschutzrechtlichem Charakter ist die:&lt;br \/&gt;Breuell &amp;amp; Hilgenfeldt GmbH&lt;br \/&gt;Oststra\u00dfe 96&lt;br \/&gt;22844 Norderstedt&lt;br \/&gt;Germany&lt;br \/&gt;Tel.: +49-(0)40-538092-20&lt;br \/&gt;E-Mail: info@bh-gmbh.com&lt;br \/&gt;Website: www.breuell-hilgenfeldt.de&lt;\/div&gt;&lt;div&gt; &lt;\/div&gt;&lt;div class=&#8221; et_pb_row et_pb_row_0&#8243;&gt;&lt;strong&gt;3. Cookies&lt;\/strong&gt;&lt;\/div&gt;&lt;div&gt; &lt;\/div&gt;&lt;div class=&#8221; et_pb_row et_pb_row_0&#8243;&gt;Die Internetseiten der Breuell &amp;amp; Hilgenfeldt GmbH verwenden Cookies. Cookies sind&lt;br \/&gt;Textdateien, welche \u00fcber einen Internetbrowser auf einem Computersystem abgelegt und&lt;br \/&gt;gespeichert werden.&lt;br \/&gt;Zahlreiche Internetseiten und Server verwenden Cookies. Viele Cookies enthalten eine&lt;br \/&gt;sogenannte Cookie-ID. Eine Cookie-ID ist eine eindeutige Kennung des Cookies. Sie besteht&lt;br \/&gt;aus einer Zeichenfolge, durch welche Internetseiten und Server dem konkreten&lt;br \/&gt;Internetbrowser zugeordnet werden k\u00f6nnen, in dem das Cookie gespeichert wurde. Dies&lt;br \/&gt;erm\u00f6glicht es den besuchten Internetseiten und Servern, den individuellen Browser der&lt;br \/&gt;betroffenen Person von anderen Internetbrowsern, die andere Cookies enthalten, zu&lt;br \/&gt;unterscheiden. Ein bestimmter Internetbrowser kann \u00fcber die eindeutige Cookie-ID&lt;br \/&gt;wiedererkannt und identifiziert werden.&lt;br \/&gt;Durch den Einsatz von Cookies kann die Breuell &amp;amp; Hilgenfeldt GmbH den Nutzern dieser&lt;br \/&gt;Internetseite nutzerfreundlichere Services bereitstellen, die ohne die Cookie-Setzung nicht&lt;br \/&gt;m\u00f6glich w\u00e4ren.&lt;br \/&gt;Mittels eines Cookies k\u00f6nnen die Informationen und Angebote auf unserer Internetseite im&lt;br \/&gt;Sinne des Benutzers optimiert werden. Cookies erm\u00f6glichen uns, wie bereits erw\u00e4hnt, die&lt;br \/&gt;Benutzer unserer Internetseite wiederzuerkennen. Zweck dieser Wiedererkennung ist es, den&lt;br \/&gt;Nutzern die Verwendung unserer Internetseite zu erleichtern. Der Benutzer einer Internetseite,&lt;br \/&gt;die Cookies verwendet, muss beispielsweise nicht bei jedem Besuch der Internetseite erneut&lt;br \/&gt;seine Zugangsdaten eingeben, weil dies von der Internetseite und dem auf dem&lt;br \/&gt;Computersystem des Benutzers abgelegten Cookie \u00fcbernommen wird. Ein weiteres Beispiel&lt;br \/&gt;ist das Cookie eines Warenkorbes im Online-Shop. Der Online-Shop merkt sich die Artikel,&lt;br \/&gt;die ein Kunde in den virtuellen Warenkorb gelegt hat, \u00fcber ein Cookie.&lt;br \/&gt;Die betroffene Person kann die Setzung von Cookies durch unsere Internetseite jederzeit&lt;br \/&gt;mittels einer entsprechenden Einstellung des genutzten Internetbrowsers verhindern und damit&lt;br \/&gt;der Setzung von Cookies dauerhaft widersprechen. Ferner k\u00f6nnen bereits gesetzte Cookies&lt;br \/&gt;jederzeit \u00fcber einen Internetbrowser oder andere Softwareprogramme gel\u00f6scht werden. Dies&lt;br \/&gt;ist in allen g\u00e4ngigen Internetbrowsern m\u00f6glich. Deaktiviert die betroffene Person die Setzung&lt;br \/&gt;von Cookies in dem genutzten Internetbrowser, sind unter Umst\u00e4nden nicht alle Funktionen&lt;br \/&gt;unserer Internetseite vollumf\u00e4nglich nutzbar.&lt;\/div&gt;&lt;div&gt; &lt;\/div&gt;&lt;div class=&#8221; et_pb_row et_pb_row_0&#8243;&gt;&lt;strong&gt;4. Erfassung von allgemeinen Daten und Informationen&lt;\/strong&gt;&lt;\/div&gt;&lt;div&gt; &lt;\/div&gt;&lt;div class=&#8221; et_pb_row et_pb_row_0&#8243;&gt;Die Internetseite der Breuell &amp;amp; Hilgenfeldt GmbH erfasst mit jedem Aufruf der Internetseite&lt;br \/&gt;durch eine betroffene Person oder ein automatisiertes System eine Reihe von allgemeinen&lt;br \/&gt;Daten und Informationen. Diese allgemeinen Daten und Informationen werden in den&lt;br \/&gt;Logfiles des Servers gespeichert. Erfasst werden k\u00f6nnen die (1) verwendeten Browsertypen&lt;br \/&gt;und Versionen, (2) das vom zugreifenden System verwendete Betriebssystem, (3) die&lt;br \/&gt;Internetseite, von welcher ein zugreifendes System auf unsere Internetseite gelangt&lt;br \/&gt;(sogenannte Referrer), (4) die Unterwebseiten, welche \u00fcber ein zugreifendes System auf&lt;br \/&gt;unserer Internetseite angesteuert werden, (5) das Datum und die Uhrzeit eines Zugriffs auf die&lt;br \/&gt;Internetseite, (6) eine Internet-Protokoll-Adresse (IP-Adresse), (7) der Internet-Service-&lt;br \/&gt;Provider des zugreifenden Systems und (8) sonstige \u00e4hnliche Daten und Informationen, die&lt;br \/&gt;der Gefahrenabwehr im Falle von Angriffen auf unsere informationstechnologischen Systeme&lt;br \/&gt;dienen.&lt;br \/&gt;Bei der Nutzung dieser allgemeinen Daten und Informationen zieht die Breuell &amp;amp; Hilgenfeldt&lt;br \/&gt;GmbH keine R\u00fcckschl\u00fcsse auf die betroffene Person. Diese Informationen werden vielmehr&lt;br \/&gt;ben\u00f6tigt, um (1) die Inhalte unserer Internetseite korrekt auszuliefern, (2) die Inhalte unserer&lt;br \/&gt;Internetseite sowie die Werbung f\u00fcr diese zu optimieren, (3) die dauerhafte&lt;br \/&gt;Funktionsf\u00e4higkeit unserer informationstechnologischen Systeme und der Technik unserer&lt;br \/&gt;Internetseite zu gew\u00e4hrleisten sowie (4) um Strafverfolgungsbeh\u00f6rden im Falle eines&lt;br \/&gt;Cyberangriffes die zur Strafverfolgung notwendigen Informationen bereitzustellen. Diese&lt;br \/&gt;anonym erhobenen Daten und Informationen werden durch die Breuell &amp;amp; Hilgenfeldt GmbH&lt;br \/&gt;daher einerseits statistisch und ferner mit dem Ziel ausgewertet, den Datenschutz und die&lt;br \/&gt;Datensicherheit in unserem Unternehmen zu erh\u00f6hen, um letztlich ein optimales Schutzniveau&lt;br \/&gt;f\u00fcr die von uns verarbeiteten personenbezogenen Daten sicherzustellen. Die anonymen Daten&lt;br \/&gt;der Server-Logfiles werden getrennt von allen durch eine betroffene Person angegebenen&lt;br \/&gt;personenbezogenen Daten gespeichert.&lt;\/div&gt;&lt;div&gt; &lt;\/div&gt;&lt;div class=&#8221; et_pb_row et_pb_row_0&#8243;&gt;&lt;strong&gt;5. Registrierung auf unserer Internetseite&lt;\/strong&gt;&lt;\/div&gt;&lt;div&gt; &lt;\/div&gt;&lt;div class=&#8221; et_pb_row et_pb_row_0&#8243;&gt;Die betroffene Person hat die M\u00f6glichkeit, sich auf der Internetseite des f\u00fcr die Verarbeitung&lt;br \/&gt;Verantwortlichen unter Angabe von personenbezogenen Daten zu registrieren. Welche&lt;br \/&gt;personenbezogenen Daten dabei an den f\u00fcr die Verarbeitung Verantwortlichen \u00fcbermittelt&lt;br \/&gt;werden, ergibt sich aus der jeweiligen Eingabemaske, die f\u00fcr die Registrierung verwendet&lt;br \/&gt;wird. Die von der betroffenen Person eingegebenen personenbezogenen Daten werden&lt;br \/&gt;ausschlie\u00dflich f\u00fcr die interne Verwendung bei dem f\u00fcr die Verarbeitung Verantwortlichen&lt;br \/&gt;und f\u00fcr eigene Zwecke erhoben und gespeichert. Der f\u00fcr die Verarbeitung Verantwortliche&lt;br \/&gt;kann die Weitergabe an einen oder mehrere Auftragsverarbeiter, beispielsweise einen&lt;br \/&gt;Paketdienstleister, veranlassen, der die personenbezogenen Daten ebenfalls ausschlie\u00dflich f\u00fcr&lt;br \/&gt;eine interne Verwendung, die dem f\u00fcr die Verarbeitung Verantwortlichen zuzurechnen ist,&lt;br \/&gt;nutzt.&lt;br \/&gt;Durch eine Registrierung auf der Internetseite des f\u00fcr die Verarbeitung Verantwortlichen wird&lt;br \/&gt;ferner die vom Internet-Service-Provider (ISP) der betroffenen Person vergebene IP-Adresse,&lt;br \/&gt;das Datum sowie die Uhrzeit der Registrierung gespeichert. Die Speicherung dieser Daten&lt;br \/&gt;erfolgt vor dem Hintergrund, dass nur so der Missbrauch unserer Dienste verhindert werden&lt;br \/&gt;kann, und diese Daten im Bedarfsfall erm\u00f6glichen, begangene Straftaten aufzukl\u00e4ren.&lt;br \/&gt;Insofern ist die Speicherung dieser Daten zur Absicherung des f\u00fcr die Verarbeitung&lt;br \/&gt;Verantwortlichen erforderlich. Eine Weitergabe dieser Daten an Dritte erfolgt grunds\u00e4tzlich&lt;br \/&gt;nicht, sofern keine gesetzliche Pflicht zur Weitergabe besteht oder die Weitergabe der&lt;br \/&gt;Strafverfolgung dient.&lt;br \/&gt;Die Registrierung der betroffenen Person unter freiwilliger Angabe personenbezogener Daten&lt;br \/&gt;dient dem f\u00fcr die Verarbeitung Verantwortlichen dazu, der betroffenen Person Inhalte oder&lt;br \/&gt;Leistungen anzubieten, die aufgrund der Natur der Sache nur registrierten Benutzern&lt;br \/&gt;angeboten werden k\u00f6nnen. Registrierten Personen steht die M\u00f6glichkeit frei, die bei der&lt;br \/&gt;Registrierung angegebenen personenbezogenen Daten jederzeit abzu\u00e4ndern oder vollst\u00e4ndig&lt;br \/&gt;aus dem Datenbestand des f\u00fcr die Verarbeitung Verantwortlichen l\u00f6schen zu lassen.&lt;br \/&gt;Der f\u00fcr die Verarbeitung Verantwortliche erteilt jeder betroffenen Person jederzeit auf&lt;br \/&gt;Anfrage Auskunft dar\u00fcber, welche personenbezogenen Daten \u00fcber die betroffene Person&lt;br \/&gt;gespeichert sind. Ferner berichtigt oder l\u00f6scht der f\u00fcr die Verarbeitung Verantwortliche&lt;br \/&gt;personenbezogene Daten auf Wunsch oder Hinweis der betroffenen Person, soweit dem keine&lt;br \/&gt;gesetzlichen Aufbewahrungspflichten entgegenstehen. Ein in dieser Datenschutzerkl\u00e4rung&lt;br \/&gt;namentlich benannter Datenschutzbeauftragter und die Gesamtheit der Mitarbeiter des f\u00fcr die&lt;br \/&gt;Verarbeitung Verantwortlichen stehen der betroffenen Person in diesem Zusammenhang als&lt;br \/&gt;Ansprechpartner zur Verf\u00fcgung.&lt;\/div&gt;&lt;div&gt; &lt;\/div&gt;&lt;div class=&#8221; et_pb_row et_pb_row_0&#8243;&gt;&lt;strong&gt;6. GetResponse&lt;\/strong&gt;&lt;\/div&gt;&lt;div&gt; &lt;\/div&gt;&lt;div class=&#8221; et_pb_row et_pb_row_0&#8243;&gt;Diese Website nutzt GetResponse f\u00fcr den Versand von Newslettern. Anbieter ist die&lt;br \/&gt;GetResponse Sp.z o.o., ul. ARKONSKA 6\/A3, 80-387 GEDANSK, Polen.&lt;br \/&gt;GetResponse ist ein Dienst, mit dem u.a. der Versand von Newslettern organisiert und&lt;br \/&gt;analysiert werden kann. Die von Ihnen zum Zwecke des Newsletterbezugs eingegeben Daten&lt;br \/&gt;werden auf den Servern von GetResponse gespeichert.&lt;br \/&gt;Datenanalyse durch GetResponse&lt;br \/&gt;Wenn wir Newsletter mit Hilfe von GetResponse versenden, k\u00f6nnen wir feststellen, ob eine&lt;br \/&gt;Newsletter-Nachricht ge\u00f6ffnet und welche Links ggf. angeklickt wurden.&lt;br \/&gt;GetResponse erm\u00f6glicht es uns auch, die Newsletter-Empf\u00e4nger anhand verschiedener&lt;br \/&gt;Kategorien zu unterteilen (sog. Tagging). Dabei lassen sich die Newsletterempf\u00e4nger z.B.&lt;br \/&gt;nach Geschlecht, pers\u00f6nlichen Vorlieben (z.B. Vegetarier oder Nicht-Vegetarier) oder&lt;br \/&gt;Kundenbeziehung (z.B. Kunde oder potenzieller Kunde) unterteilen. Auf diese Weise lassen&lt;br \/&gt;sich die Newsletter besser an die jeweiligen Zielgruppen anpassen. N\u00e4here Informationen&lt;br \/&gt;erhalten Sie unter: https:\/\/www.GetResponse.de.&lt;br \/&gt;Wenn Sie keine Analyse durch GetResponse wollen, m\u00fcssen Sie daher den Newsletter&lt;br \/&gt;abbestellen. Hierf\u00fcr stellen wir in jeder Newsletternachricht einen entsprechenden Link zur&lt;br \/&gt;Verf\u00fcgung. Des Weiteren k\u00f6nnen Sie den Newsletter auch direkt auf der Website abbestellen.&lt;br \/&gt;Rechtsgrundlage&lt;br \/&gt;Die Datenverarbeitung erfolgt auf Grundlage Ihrer Einwilligung (Art. 6 Abs. 1 lit. a DSGVO).&lt;br \/&gt;Sie k\u00f6nnen diese Einwilligung jederzeit widerrufen. Die Rechtm\u00e4\u00dfigkeit der bereits erfolgten&lt;br \/&gt;Datenverarbeitungsvorg\u00e4nge bleibt vom Widerruf unber\u00fchrt.&lt;br \/&gt;Speicherdauer&lt;br \/&gt;Die von Ihnen zum Zwecke des Newsletter-Bezugs bei uns hinterlegten Daten werden von&lt;br \/&gt;uns bis zu Ihrer Austragung aus dem Newsletter gespeichert und nach der Abbestellung des&lt;br \/&gt;Newsletters sowohl von unseren Servern als auch von den Servern von GetResponse gel\u00f6scht.&lt;br \/&gt;Daten, die zu anderen Zwecken bei uns gespeichert wurden (z.B. E-Mail-Adressen f\u00fcr den&lt;br \/&gt;Mitgliederbereich) bleiben hiervon unber\u00fchrt.&lt;br \/&gt;N\u00e4heres entnehmen Sie den Datenschutzbestimmungen von GetResponse unter:&lt;br \/&gt;https:\/\/www.getresponse.de\/email-marketing\/legal\/datenschutz.html.&lt;br \/&gt;Abschluss eines Vertrags \u00fcber Auftragsdatenverarbeitung&lt;br \/&gt;Wir haben einen Vertrag \u00fcber Auftragsdatenverarbeitung mit GetResponse abgeschlossen, in&lt;br \/&gt;dem wir GetResponse verpflichten, die Daten unserer Kunden zu sch\u00fctzen und sie nicht an&lt;br \/&gt;Dritte weiterzugeben.&lt;\/div&gt;&lt;div&gt; &lt;\/div&gt;&lt;div class=&#8221; et_pb_row et_pb_row_0&#8243;&gt;&lt;strong&gt;7. Newsletter-Tracking&lt;\/strong&gt;&lt;\/div&gt;&lt;div&gt; &lt;\/div&gt;&lt;div class=&#8221; et_pb_row et_pb_row_0&#8243;&gt;Die Newsletter der Breuell &amp;amp; Hilgenfeldt GmbH enthalten sogenannte Z\u00e4hlpixel. Ein&lt;br \/&gt;Z\u00e4hlpixel ist eine Miniaturgrafik, die in solche E-Mails eingebettet wird, welche im HTMLFormat&lt;br \/&gt;versendet werden, um eine Logdatei-Aufzeichnung und eine Logdatei-Analyse zu&lt;br \/&gt;erm\u00f6glichen. Dadurch kann eine statistische Auswertung des Erfolges oder Misserfolges von&lt;br \/&gt;Online-Marketing-Kampagnen durchgef\u00fchrt werden. Anhand des eingebetteten Z\u00e4hlpixels&lt;br \/&gt;kann die Breuell &amp;amp; Hilgenfeldt GmbH erkennen, ob und wann eine E-Mail von einer&lt;br \/&gt;betroffenen Person ge\u00f6ffnet wurde und welche in der E-Mail befindlichen Links von der&lt;br \/&gt;betroffenen Person aufgerufen wurden.&lt;br \/&gt;Solche \u00fcber die in den Newslettern enthaltenen Z\u00e4hlpixel erhobenen personenbezogenen&lt;br \/&gt;Daten, werden von dem f\u00fcr die Verarbeitung Verantwortlichen gespeichert und ausgewertet,&lt;br \/&gt;um den Newsletterversand zu optimieren und den Inhalt zuk\u00fcnftiger Newsletter noch besser&lt;br \/&gt;den Interessen der betroffenen Person anzupassen. Diese personenbezogenen Daten werden&lt;br \/&gt;nicht an Dritte weitergegeben. Betroffene Personen sind jederzeit berechtigt, die&lt;br \/&gt;diesbez\u00fcgliche gesonderte, \u00fcber das Double-Opt-In-Verfahren abgegebene&lt;br \/&gt;Einwilligungserkl\u00e4rung zu widerrufen. Nach einem Widerruf werden diese&lt;br \/&gt;personenbezogenen Daten von dem f\u00fcr die Verarbeitung Verantwortlichen gel\u00f6scht. Eine&lt;br \/&gt;Abmeldung vom Erhalt des Newsletters deutet die Breuell &amp;amp; Hilgenfeldt automatisch als&lt;br \/&gt;Widerruf.&lt;\/div&gt;&lt;div&gt; &lt;\/div&gt;&lt;div class=&#8221; et_pb_row et_pb_row_0&#8243;&gt;&lt;strong&gt;8. Kontaktm\u00f6glichkeit \u00fcber die Internetseite&lt;\/strong&gt;&lt;\/div&gt;&lt;div&gt; &lt;\/div&gt;&lt;div class=&#8221; et_pb_row et_pb_row_0&#8243;&gt;Die Internetseite der Breuell &amp;amp; Hilgenfeldt GmbH enth\u00e4lt aufgrund von gesetzlichen&lt;br \/&gt;Vorschriften Angaben, die eine schnelle elektronische Kontaktaufnahme zu unserem&lt;br \/&gt;Unternehmen sowie eine unmittelbare Kommunikation mit uns erm\u00f6glichen, was ebenfalls&lt;br \/&gt;eine allgemeine Adresse der sogenannten elektronischen Post (E-Mail-Adresse) umfasst.&lt;br \/&gt;Sofern eine betroffene Person per E-Mail oder \u00fcber ein Kontaktformular den Kontakt mit dem&lt;br \/&gt;f\u00fcr die Verarbeitung Verantwortlichen aufnimmt, werden die von der betroffenen Person&lt;br \/&gt;\u00fcbermittelten personenbezogenen Daten automatisch gespeichert. Solche auf freiwilliger&lt;br \/&gt;Basis von einer betroffenen Person an den f\u00fcr die Verarbeitung Verantwortlichen&lt;br \/&gt;\u00fcbermittelten personenbezogenen Daten werden f\u00fcr Zwecke der Bearbeitung oder der&lt;br \/&gt;Kontaktaufnahme zur betroffenen Person gespeichert. Es erfolgt keine Weitergabe dieser&lt;br \/&gt;personenbezogenen Daten an Dritte.&lt;\/div&gt;&lt;div&gt; &lt;\/div&gt;&lt;div class=&#8221; et_pb_row et_pb_row_0&#8243;&gt;&lt;strong&gt;9. Routinem\u00e4\u00dfige L\u00f6schung und Sperrung von personenbezogenen Daten&lt;\/strong&gt;&lt;\/div&gt;&lt;div&gt; &lt;\/div&gt;&lt;div class=&#8221; et_pb_row et_pb_row_0&#8243;&gt;Der f\u00fcr die Verarbeitung Verantwortliche verarbeitet und speichert personenbezogene Daten&lt;br \/&gt;der betroffenen Person nur f\u00fcr den Zeitraum, der zur Erreichung des Speicherungszwecks&lt;br \/&gt;erforderlich ist oder sofern dies durch den Europ\u00e4ischen Richtlinien- und Verordnungsgeber&lt;br \/&gt;oder einen anderen Gesetzgeber in Gesetzen oder Vorschriften, welchen der f\u00fcr die&lt;br \/&gt;Verarbeitung Verantwortliche unterliegt, vorgesehen wurde.&lt;br \/&gt;Entf\u00e4llt der Speicherungszweck oder l\u00e4uft eine vom Europ\u00e4ischen Richtlinien- und&lt;br \/&gt;Verordnungsgeber oder einem anderen zust\u00e4ndigen Gesetzgeber vorgeschriebene&lt;br \/&gt;Speicherfrist ab, werden die personenbezogenen Daten routinem\u00e4\u00dfig und entsprechend den&lt;br \/&gt;gesetzlichen Vorschriften gesperrt oder gel\u00f6scht.&lt;\/div&gt;&lt;div&gt; &lt;\/div&gt;&lt;div class=&#8221; et_pb_row et_pb_row_0&#8243;&gt;&lt;strong&gt;10. Rechte der betroffenen Person&lt;\/strong&gt;&lt;\/div&gt;&lt;div&gt; &lt;\/div&gt;&lt;div class=&#8221; et_pb_row et_pb_row_0&#8243;&gt;&lt;strong&gt;a) Recht auf Best\u00e4tigung&lt;\/strong&gt;&lt;\/div&gt;&lt;div class=&#8221; et_pb_row et_pb_row_0&#8243;&gt;Jede betroffene Person hat das vom Europ\u00e4ischen Richtlinien- und Verordnungsgeber&lt;br \/&gt;einger\u00e4umte Recht, von dem f\u00fcr die Verarbeitung Verantwortlichen eine Best\u00e4tigung&lt;br \/&gt;dar\u00fcber zu verlangen, ob sie betreffende personenbezogene Daten verarbeitet werden.&lt;br \/&gt;M\u00f6chte eine betroffene Person dieses Best\u00e4tigungsrecht in Anspruch nehmen, kann sie&lt;br \/&gt;sich hierzu jederzeit an unseren Datenschutzbeauftragten oder einen anderen&lt;br \/&gt;Mitarbeiter des f\u00fcr die Verarbeitung Verantwortlichen wenden.&lt;\/div&gt;&lt;div&gt; &lt;\/div&gt;&lt;div class=&#8221; et_pb_row et_pb_row_0&#8243;&gt;&lt;strong&gt;b) Recht auf Auskunft&lt;\/strong&gt;&lt;\/div&gt;&lt;div class=&#8221; et_pb_row et_pb_row_0&#8243;&gt;Jede von der Verarbeitung personenbezogener Daten betroffene Person hat das vom&lt;br \/&gt;Europ\u00e4ischen Richtlinien- und Verordnungsgeber gew\u00e4hrte Recht, jederzeit von dem&lt;br \/&gt;f\u00fcr die Verarbeitung Verantwortlichen unentgeltliche Auskunft \u00fcber die zu seiner&lt;br \/&gt;Person gespeicherten personenbezogenen Daten und eine Kopie dieser Auskunft zu&lt;br \/&gt;erhalten. Ferner hat der Europ\u00e4ische Richtlinien- und Verordnungsgeber der&lt;br \/&gt;betroffenen Person Auskunft \u00fcber folgende Informationen zugestanden:&lt;br \/&gt;o die Verarbeitungszwecke&lt;br \/&gt;o die Kategorien personenbezogener Daten, die verarbeitet werden&lt;br \/&gt;o die Empf\u00e4nger oder Kategorien von Empf\u00e4ngern, gegen\u00fcber denen die&lt;br \/&gt;personenbezogenen Daten offengelegt worden sind oder noch offengelegt&lt;br \/&gt;werden, insbesondere bei Empf\u00e4ngern in Drittl\u00e4ndern oder bei internationalen&lt;br \/&gt;Organisationen&lt;br \/&gt;o falls m\u00f6glich die geplante Dauer, f\u00fcr die die personenbezogenen Daten&lt;br \/&gt;gespeichert werden, oder, falls dies nicht m\u00f6glich ist, die Kriterien f\u00fcr die&lt;br \/&gt;Festlegung dieser Dauer&lt;br \/&gt;o das Bestehen eines Rechts auf Berichtigung oder L\u00f6schung der sie&lt;br \/&gt;betreffenden personenbezogenen Daten oder auf Einschr\u00e4nkung der&lt;br \/&gt;Verarbeitung durch den Verantwortlichen oder eines Widerspruchsrechts&lt;br \/&gt;gegen diese Verarbeitung&lt;br \/&gt;o das Bestehen eines Beschwerderechts bei einer Aufsichtsbeh\u00f6rde&lt;br \/&gt;o wenn die personenbezogenen Daten nicht bei der betroffenen Person erhoben&lt;br \/&gt;werden: Alle verf\u00fcgbaren Informationen \u00fcber die Herkunft der Daten&lt;br \/&gt;o das Bestehen einer automatisierten Entscheidungsfindung einschlie\u00dflich&lt;br \/&gt;Profiling gem\u00e4\u00df Artikel 22 Abs.1 und 4 DS-GVO und \u2014 zumindest in diesen&lt;br \/&gt;F\u00e4llen \u2014 aussagekr\u00e4ftige Informationen \u00fcber die involvierte Logik sowie die&lt;br \/&gt;Tragweite und die angestrebten Auswirkungen einer derartigen Verarbeitung&lt;br \/&gt;f\u00fcr die betroffene Person&lt;br \/&gt;Ferner steht der betroffenen Person ein Auskunftsrecht dar\u00fcber zu, ob&lt;br \/&gt;personenbezogene Daten an ein Drittland oder an eine internationale Organisation&lt;br \/&gt;\u00fcbermittelt wurden. Sofern dies der Fall ist, so steht der betroffenen Person im&lt;br \/&gt;\u00dcbrigen das Recht zu, Auskunft \u00fcber die geeigneten Garantien im Zusammenhang mit&lt;br \/&gt;der \u00dcbermittlung zu erhalten.&lt;br \/&gt;M\u00f6chte eine betroffene Person dieses Auskunftsrecht in Anspruch nehmen, kann sie&lt;br \/&gt;sich hierzu jederzeit an unseren Datenschutzbeauftragten oder einen anderen&lt;br \/&gt;Mitarbeiter des f\u00fcr die Verarbeitung Verantwortlichen wenden.&lt;\/div&gt;&lt;div&gt; &lt;\/div&gt;&lt;div class=&#8221; et_pb_row et_pb_row_0&#8243;&gt;&lt;strong&gt;c) Recht auf Berichtigung&lt;\/strong&gt;&lt;\/div&gt;&lt;div class=&#8221; et_pb_row et_pb_row_0&#8243;&gt;Jede von der Verarbeitung personenbezogener Daten betroffene Person hat das vom&lt;br \/&gt;Europ\u00e4ischen Richtlinien- und Verordnungsgeber gew\u00e4hrte Recht, die unverz\u00fcgliche&lt;br \/&gt;Berichtigung sie betreffender unrichtiger personenbezogener Daten zu verlangen.&lt;br \/&gt;Ferner steht der betroffenen Person das Recht zu, unter Ber\u00fccksichtigung der Zwecke&lt;br \/&gt;der Verarbeitung, die Vervollst\u00e4ndigung unvollst\u00e4ndiger personenbezogener Daten \u2014&lt;br \/&gt;auch mittels einer erg\u00e4nzenden Erkl\u00e4rung \u2014 zu verlangen.&lt;br \/&gt;M\u00f6chte eine betroffene Person dieses Berichtigungsrecht in Anspruch nehmen, kann&lt;br \/&gt;sie sich hierzu jederzeit an unseren Datenschutzbeauftragten oder einen anderen&lt;br \/&gt;Mitarbeiter des f\u00fcr die Verarbeitung Verantwortlichen wenden.&lt;\/div&gt;&lt;div&gt; &lt;\/div&gt;&lt;div class=&#8221; et_pb_row et_pb_row_0&#8243;&gt;&lt;strong&gt;d) Recht auf L\u00f6schung (Recht auf Vergessen werden)&lt;\/strong&gt;&lt;\/div&gt;&lt;div class=&#8221; et_pb_row et_pb_row_0&#8243;&gt;Jede von der Verarbeitung personenbezogener Daten betroffene Person hat das vom&lt;br \/&gt;Europ\u00e4ischen Richtlinien- und Verordnungsgeber gew\u00e4hrte Recht, von dem&lt;br \/&gt;Verantwortlichen zu verlangen, dass die sie betreffenden personenbezogenen Daten&lt;br \/&gt;unverz\u00fcglich gel\u00f6scht werden, sofern einer der folgenden Gr\u00fcnde zutrifft und soweit&lt;br \/&gt;die Verarbeitung nicht erforderlich ist:&lt;br \/&gt;o Die personenbezogenen Daten wurden f\u00fcr solche Zwecke erhoben oder auf&lt;br \/&gt;sonstige Weise verarbeitet, f\u00fcr welche sie nicht mehr notwendig sind.&lt;br \/&gt;o Die betroffene Person widerruft ihre Einwilligung, auf die sich die&lt;br \/&gt;Verarbeitung gem\u00e4\u00df Art. 6 Abs. 1 Buchstabe a DS-GVO oder Art. 9 Abs. 2&lt;br \/&gt;Buchstabe a DS-GVO st\u00fctzte, und es fehlt an einer anderweitigen&lt;br \/&gt;Rechtsgrundlage f\u00fcr die Verarbeitung.&lt;br \/&gt;o Die betroffene Person legt gem\u00e4\u00df Art. 21 Abs. 1 DS-GVO Widerspruch gegen&lt;br \/&gt;die Verarbeitung ein, und es liegen keine vorrangigen berechtigten Gr\u00fcnde f\u00fcr&lt;br \/&gt;die Verarbeitung vor, oder die betroffene Person legt gem\u00e4\u00df Art. 21 Abs. 2&lt;br \/&gt;DS-GVO Widerspruch gegen die Verarbeitung ein.&lt;br \/&gt;o Die personenbezogenen Daten wurden unrechtm\u00e4\u00dfig verarbeitet.&lt;br \/&gt;o Die L\u00f6schung der personenbezogenen Daten ist zur Erf\u00fcllung einer rechtlichen&lt;br \/&gt;Verpflichtung nach dem Unionsrecht oder dem Recht der Mitgliedstaaten&lt;br \/&gt;erforderlich, dem der Verantwortliche unterliegt.&lt;br \/&gt;o Die personenbezogenen Daten wurden in Bezug auf angebotene Dienste der&lt;br \/&gt;Informationsgesellschaft gem\u00e4\u00df Art. 8 Abs. 1 DS-GVO erhoben.&lt;\/div&gt;&lt;div class=&#8221; et_pb_row et_pb_row_0&#8243;&gt;Sofern einer der oben genannten Gr\u00fcnde zutrifft und eine betroffene Person die&lt;br \/&gt;L\u00f6schung von personenbezogenen Daten, die bei der Breuell &amp;amp; Hilgenfeldt GmbH&lt;br \/&gt;gespeichert sind, veranlassen m\u00f6chte, kann sie sich hierzu jederzeit an unseren&lt;br \/&gt;Datenschutzbeauftragten oder einen anderen Mitarbeiter des f\u00fcr die Verarbeitung&lt;br \/&gt;Verantwortlichen wenden. Der Datenschutzbeauftragte der Breuell &amp;amp; Hilgenfeldt&lt;br \/&gt;GmbH oder ein anderer Mitarbeiter wird veranlassen, dass dem L\u00f6schverlangen&lt;br \/&gt;unverz\u00fcglich nachgekommen wird.&lt;\/div&gt;&lt;div class=&#8221; et_pb_row et_pb_row_0&#8243;&gt;Wurden die personenbezogenen Daten von der Breuell &amp;amp; Hilgenfeldt GmbH&lt;br \/&gt;\u00f6ffentlich gemacht und ist unser Unternehmen als Verantwortlicher gem\u00e4\u00df Art. 17&lt;br \/&gt;Abs. 1 DS-GVO zur L\u00f6schung der personenbezogenen Daten verpflichtet, so trifft die&lt;br \/&gt;Breuell &amp;amp; Hilgenfeldt GmbH unter Ber\u00fccksichtigung der verf\u00fcgbaren Technologie&lt;br \/&gt;und der Implementierungskosten angemessene Ma\u00dfnahmen, auch technischer Art, um&lt;br \/&gt;andere f\u00fcr die Datenverarbeitung Verantwortliche, welche die ver\u00f6ffentlichten&lt;br \/&gt;personenbezogenen Daten verarbeiten, dar\u00fcber in Kenntnis zu setzen, dass die&lt;br \/&gt;betroffene Person von diesen anderen f\u00fcr die Datenverarbeitung Verantwortlichen die&lt;br \/&gt;L\u00f6schung s\u00e4mtlicher Links zu diesen personenbezogenen Daten oder von Kopien oder&lt;br \/&gt;Replikationen dieser personenbezogenen Daten verlangt hat, soweit die Verarbeitung&lt;br \/&gt;nicht erforderlich ist. Der Datenschutzbeauftragte der Breuell &amp;amp; Hilgenfeldt GmbH&lt;br \/&gt;oder ein anderer Mitarbeiter wird im Einzelfall das Notwendige veranlassen.&lt;\/div&gt;&lt;div&gt; &lt;\/div&gt;&lt;div class=&#8221; et_pb_row et_pb_row_0&#8243;&gt;&lt;strong&gt;e) Recht auf Einschr\u00e4nkung der Verarbeitung&lt;\/strong&gt;&lt;\/div&gt;&lt;div class=&#8221; et_pb_row et_pb_row_0&#8243;&gt;Jede von der Verarbeitung personenbezogener Daten betroffene Person hat das vom&lt;br \/&gt;Europ\u00e4ischen Richtlinien- und Verordnungsgeber gew\u00e4hrte Recht, von dem&lt;br \/&gt;Verantwortlichen die Einschr\u00e4nkung der Verarbeitung zu verlangen, wenn eine der&lt;br \/&gt;folgenden Voraussetzungen gegeben ist:&lt;br \/&gt;o Die Richtigkeit der personenbezogenen Daten wird von der betroffenen Person&lt;br \/&gt;bestritten, und zwar f\u00fcr eine Dauer, die es dem Verantwortlichen erm\u00f6glicht,&lt;br \/&gt;die Richtigkeit der personenbezogenen Daten zu \u00fcberpr\u00fcfen.&lt;br \/&gt;o Die Verarbeitung ist unrechtm\u00e4\u00dfig, die betroffene Person lehnt die L\u00f6schung&lt;br \/&gt;der personenbezogenen Daten ab und verlangt stattdessen die Einschr\u00e4nkung&lt;br \/&gt;der Nutzung der personenbezogenen Daten.&lt;br \/&gt;o Der Verantwortliche ben\u00f6tigt die personenbezogenen Daten f\u00fcr die Zwecke&lt;br \/&gt;der Verarbeitung nicht l\u00e4nger, die betroffene Person ben\u00f6tigt sie jedoch zur&lt;br \/&gt;Geltendmachung, Aus\u00fcbung oder Verteidigung von Rechtsanspr\u00fcchen.&lt;br \/&gt;o Die betroffene Person hat Widerspruch gegen die Verarbeitung gem. Art. 21&lt;br \/&gt;Abs. 1 DS-GVO eingelegt und es steht noch nicht fest, ob die berechtigten&lt;br \/&gt;Gr\u00fcnde des Verantwortlichen gegen\u00fcber denen der betroffenen Person&lt;br \/&gt;\u00fcberwiegen.&lt;\/div&gt;&lt;div class=&#8221; et_pb_row et_pb_row_0&#8243;&gt;Sofern eine der oben genannten Voraussetzungen gegeben ist und eine betroffene&lt;br \/&gt;Person die Einschr\u00e4nkung von personenbezogenen Daten, die bei der Breuell &amp;amp;&lt;br \/&gt;Hilgenfeldt GmbH gespeichert sind, verlangen m\u00f6chte, kann sie sich hierzu jederzeit&lt;br \/&gt;an unseren Datenschutzbeauftragten oder einen anderen Mitarbeiter des f\u00fcr die&lt;br \/&gt;Verarbeitung Verantwortlichen wenden. Der Datenschutzbeauftragte der Breuell &amp;amp;&lt;br \/&gt;Hilgenfeldt GmbH oder ein anderer Mitarbeiter wird die Einschr\u00e4nkung der&lt;br \/&gt;Verarbeitung veranlassen.&lt;\/div&gt;&lt;div&gt; &lt;\/div&gt;&lt;div class=&#8221; et_pb_row et_pb_row_0&#8243;&gt;&lt;strong&gt;f) Recht auf Daten\u00fcbertragbarkeit&lt;\/strong&gt;&lt;\/div&gt;&lt;div class=&#8221; et_pb_row et_pb_row_0&#8243;&gt;Jede von der Verarbeitung personenbezogener Daten betroffene Person hat das vom&lt;br \/&gt;Europ\u00e4ischen Richtlinien- und Verordnungsgeber gew\u00e4hrte Recht, die sie betreffenden&lt;br \/&gt;personenbezogenen Daten, welche durch die betroffene Person einem&lt;br \/&gt;Verantwortlichen bereitgestellt wurden, in einem strukturierten, g\u00e4ngigen und&lt;br \/&gt;maschinenlesbaren Format zu erhalten. Sie hat au\u00dferdem das Recht, diese Daten&lt;br \/&gt;einem anderen Verantwortlichen ohne Behinderung durch den Verantwortlichen, dem&lt;br \/&gt;die personenbezogenen Daten bereitgestellt wurden, zu \u00fcbermitteln, sofern die&lt;br \/&gt;Verarbeitung auf der Einwilligung gem\u00e4\u00df Art. 6 Abs. 1 Buchstabe a DS-GVO oder&lt;br \/&gt;Art. 9 Abs. 2 Buchstabe a DS-GVO oder auf einem Vertrag gem\u00e4\u00df Art. 6 Abs. 1&lt;br \/&gt;Buchstabe b DS-GVO beruht und die Verarbeitung mithilfe automatisierter Verfahren&lt;br \/&gt;erfolgt, sofern die Verarbeitung nicht f\u00fcr die Wahrnehmung einer Aufgabe&lt;br \/&gt;erforderlich ist, die im \u00f6ffentlichen Interesse liegt oder in Aus\u00fcbung \u00f6ffentlicher&lt;br \/&gt;Gewalt erfolgt, welche dem Verantwortlichen \u00fcbertragen wurde.&lt;br \/&gt;Ferner hat die betroffene Person bei der Aus\u00fcbung ihres Rechts auf&lt;br \/&gt;Daten\u00fcbertragbarkeit gem\u00e4\u00df Art. 20 Abs. 1 DS-GVO das Recht, zu erwirken, dass die&lt;br \/&gt;personenbezogenen Daten direkt von einem Verantwortlichen an einen anderen&lt;br \/&gt;Verantwortlichen \u00fcbermittelt werden, soweit dies technisch machbar ist und sofern&lt;br \/&gt;hiervon nicht die Rechte und Freiheiten anderer Personen beeintr\u00e4chtigt werden.&lt;\/div&gt;&lt;div class=&#8221; et_pb_row et_pb_row_0&#8243;&gt;Zur Geltendmachung des Rechts auf Daten\u00fcbertragbarkeit kann sich die betroffene&lt;br \/&gt;Person jederzeit an den von der Breuell &amp;amp; Hilgenfeldt GmbH bestellten&lt;br \/&gt;Datenschutzbeauftragten oder einen anderen Mitarbeiter wenden.&lt;\/div&gt;&lt;div&gt; &lt;\/div&gt;&lt;div class=&#8221; et_pb_row et_pb_row_0&#8243;&gt;&lt;strong&gt;g) Recht auf Widerspruch&lt;\/strong&gt;&lt;\/div&gt;&lt;div class=&#8221; et_pb_row et_pb_row_0&#8243;&gt;Jede von der Verarbeitung personenbezogener Daten betroffene Person hat das vom&lt;br \/&gt;Europ\u00e4ischen Richtlinien- und Verordnungsgeber gew\u00e4hrte Recht, aus Gr\u00fcnden, die&lt;br \/&gt;sich aus ihrer besonderen Situation ergeben, jederzeit gegen die Verarbeitung sie&lt;br \/&gt;betreffender personenbezogener Daten, die aufgrund von Art. 6 Abs. 1 Buchstaben e&lt;br \/&gt;oder f DS-GVO erfolgt, Widerspruch einzulegen. Dies gilt auch f\u00fcr ein auf diese&lt;br \/&gt;Bestimmungen gest\u00fctztes Profiling.&lt;\/div&gt;&lt;div class=&#8221; et_pb_row et_pb_row_0&#8243;&gt;Die Breuell &amp;amp; Hilgenfeldt GmbH verarbeitet die personenbezogenen Daten im Falle&lt;br \/&gt;des Widerspruchs nicht mehr, es sei denn, wir k\u00f6nnen zwingende schutzw\u00fcrdige&lt;br \/&gt;Gr\u00fcnde f\u00fcr die Verarbeitung nachweisen, die den Interessen, Rechten und Freiheiten&lt;br \/&gt;der betroffenen Person \u00fcberwiegen, oder die Verarbeitung dient der Geltendmachung,&lt;br \/&gt;Aus\u00fcbung oder Verteidigung von Rechtsanspr\u00fcchen.&lt;\/div&gt;&lt;div class=&#8221; et_pb_row et_pb_row_0&#8243;&gt;Verarbeitet die Breuell &amp;amp; Hilgenfeldt GmbH personenbezogene Daten, um&lt;br \/&gt;Direktwerbung zu betreiben, so hat die betroffene Person das Recht, jederzeit&lt;br \/&gt;Widerspruch gegen die Verarbeitung der personenbezogenen Daten zum Zwecke&lt;br \/&gt;derartiger Werbung einzulegen. Dies gilt auch f\u00fcr das Profiling, soweit es mit solcher&lt;br \/&gt;Direktwerbung in Verbindung steht. Widerspricht die betroffene Person gegen\u00fcber der&lt;br \/&gt;Breuell &amp;amp; Hilgenfeldt GmbH der Verarbeitung f\u00fcr Zwecke der Direktwerbung, so&lt;br \/&gt;wird die Breuell &amp;amp; Hilgenfeldt GmbH die personenbezogenen Daten nicht mehr f\u00fcr&lt;br \/&gt;diese Zwecke verarbeiten.&lt;\/div&gt;&lt;div class=&#8221; et_pb_row et_pb_row_0&#8243;&gt;Zudem hat die betroffene Person das Recht, aus Gr\u00fcnden, die sich aus ihrer&lt;br \/&gt;besonderen Situation ergeben, gegen die sie betreffende Verarbeitung&lt;br \/&gt;personenbezogener Daten, die bei der Breuell &amp;amp; Hilgenfeldt GmbH zu&lt;br \/&gt;wissenschaftlichen oder historischen Forschungszwecken oder zu statistischen&lt;br \/&gt;Zwecken gem\u00e4\u00df Art. 89 Abs. 1 DS-GVO erfolgen, Widerspruch einzulegen, es sei&lt;br \/&gt;denn, eine solche Verarbeitung ist zur Erf\u00fcllung einer im \u00f6ffentlichen Interesse&lt;br \/&gt;liegenden Aufgabe erforderlich.&lt;\/div&gt;&lt;div class=&#8221; et_pb_row et_pb_row_0&#8243;&gt;Zur Aus\u00fcbung des Rechts auf Widerspruch kann sich die betroffene Person direkt an&lt;br \/&gt;den Datenschutzbeauftragten der Breuell &amp;amp; Hilgenfeldt GmbH oder einen anderen&lt;br \/&gt;Mitarbeiter wenden. Der betroffenen Person steht es ferner frei, im Zusammenhang&lt;br \/&gt;mit der Nutzung von Diensten der Informationsgesellschaft, ungeachtet der Richtlinie&lt;br \/&gt;2002\/58\/EG, ihr Widerspruchsrecht mittels automatisierter Verfahren auszu\u00fcben, bei&lt;br \/&gt;denen technische Spezifikationen verwendet werden.&lt;\/div&gt;&lt;div&gt; &lt;\/div&gt;&lt;div class=&#8221; et_pb_row et_pb_row_0&#8243;&gt;&lt;strong&gt;h) Automatisierte Entscheidungen im Einzelfall einschlie\u00dflich Profiling&lt;\/strong&gt;&lt;\/div&gt;&lt;div class=&#8221; et_pb_row et_pb_row_0&#8243;&gt;Jede von der Verarbeitung personenbezogener Daten betroffene Person hat das vom&lt;br \/&gt;Europ\u00e4ischen Richtlinien- und Verordnungsgeber gew\u00e4hrte Recht, nicht einer&lt;br \/&gt;ausschlie\u00dflich auf einer automatisierten Verarbeitung \u2014 einschlie\u00dflich Profiling \u2014&lt;br \/&gt;beruhenden Entscheidung unterworfen zu werden, die ihr gegen\u00fcber rechtliche&lt;br \/&gt;Wirkung entfaltet oder sie in \u00e4hnlicher Weise erheblich beeintr\u00e4chtigt, sofern die&lt;br \/&gt;Entscheidung (1) nicht f\u00fcr den Abschluss oder die Erf\u00fcllung eines Vertrags zwischen&lt;br \/&gt;der betroffenen Person und dem Verantwortlichen erforderlich ist, oder (2) aufgrund&lt;br \/&gt;von Rechtsvorschriften der Union oder der Mitgliedstaaten, denen der Verantwortliche&lt;br \/&gt;unterliegt, zul\u00e4ssig ist und diese Rechtsvorschriften angemessene Ma\u00dfnahmen zur&lt;br \/&gt;Wahrung der Rechte und Freiheiten sowie der berechtigten Interessen der betroffenen&lt;br \/&gt;Person enthalten oder (3) mit ausdr\u00fccklicher Einwilligung der betroffenen Person&lt;br \/&gt;erfolgt.&lt;\/div&gt;&lt;div class=&#8221; et_pb_row et_pb_row_0&#8243;&gt;Ist die Entscheidung (1) f\u00fcr den Abschluss oder die Erf\u00fcllung eines Vertrags zwischen&lt;br \/&gt;der betroffenen Person und dem Verantwortlichen erforderlich oder (2) erfolgt sie mit&lt;br \/&gt;ausdr\u00fccklicher Einwilligung der betroffenen Person, trifft die Breuell &amp;amp; Hilgenfeldt&lt;br \/&gt;GmbH angemessene Ma\u00dfnahmen, um die Rechte und Freiheiten sowie die&lt;br \/&gt;berechtigten Interessen der betroffenen Person zu wahren, wozu mindestens das Recht&lt;br \/&gt;auf Erwirkung des Eingreifens einer Person seitens des Verantwortlichen, auf&lt;br \/&gt;Darlegung des eigenen Standpunkts und auf Anfechtung der Entscheidung geh\u00f6rt.&lt;\/div&gt;&lt;div class=&#8221; et_pb_row et_pb_row_0&#8243;&gt;M\u00f6chte die betroffene Person Rechte mit Bezug auf automatisierte Entscheidungen&lt;br \/&gt;geltend machen, kann sie sich hierzu jederzeit an unseren Datenschutzbeauftragten&lt;br \/&gt;oder einen anderen Mitarbeiter des f\u00fcr die Verarbeitung Verantwortlichen wenden.&lt;\/div&gt;&lt;div&gt; &lt;\/div&gt;&lt;div class=&#8221; et_pb_row et_pb_row_0&#8243;&gt;&lt;strong&gt;i) Recht auf Widerruf einer datenschutzrechtlichen Einwilligung&lt;\/strong&gt;&lt;\/div&gt;&lt;div class=&#8221; et_pb_row et_pb_row_0&#8243;&gt;Jede von der Verarbeitung personenbezogener Daten betroffene Person hat das vom&lt;br \/&gt;Europ\u00e4ischen Richtlinien- und Verordnungsgeber gew\u00e4hrte Recht, eine Einwilligung&lt;br \/&gt;zur Verarbeitung personenbezogener Daten jederzeit zu widerrufen.&lt;\/div&gt;&lt;div class=&#8221; et_pb_row et_pb_row_0&#8243;&gt;M\u00f6chte die betroffene Person ihr Recht auf Widerruf einer Einwilligung geltend&lt;br \/&gt;machen, kann sie sich hierzu jederzeit an unseren Datenschutzbeauftragten oder einen&lt;br \/&gt;anderen Mitarbeiter des f\u00fcr die Verarbeitung Verantwortlichen wenden.&lt;\/div&gt;&lt;div&gt; &lt;\/div&gt;&lt;div class=&#8221; et_pb_row et_pb_row_0&#8243;&gt;&lt;strong&gt;11. Datenschutz bei Bewerbungen und im Bewerbungsverfahren&lt;\/strong&gt;&lt;\/div&gt;&lt;div&gt; &lt;\/div&gt;&lt;div class=&#8221; et_pb_row et_pb_row_0&#8243;&gt;Der f\u00fcr die Verarbeitung Verantwortliche erhebt und verarbeitet die personenbezogenen&lt;br \/&gt;Daten von Bewerbern zum Zwecke der Abwicklung des Bewerbungsverfahrens. Die&lt;br \/&gt;Verarbeitung kann auch auf elektronischem Wege erfolgen. Dies ist insbesondere dann der&lt;br \/&gt;Fall, wenn ein Bewerber entsprechende Bewerbungsunterlagen auf dem elektronischen Wege,&lt;br \/&gt;beispielsweise per E-Mail oder \u00fcber ein auf der Internetseite befindliches Webformular, an&lt;br \/&gt;den f\u00fcr die Verarbeitung Verantwortlichen \u00fcbermittelt. Schlie\u00dft der f\u00fcr die Verarbeitung&lt;br \/&gt;Verantwortliche einen Anstellungsvertrag mit einem Bewerber, werden die \u00fcbermittelten&lt;br \/&gt;Daten zum Zwecke der Abwicklung des Besch\u00e4ftigungsverh\u00e4ltnisses unter Beachtung der&lt;br \/&gt;gesetzlichen Vorschriften gespeichert. Wird von dem f\u00fcr die Verarbeitung Verantwortlichen&lt;br \/&gt;kein Anstellungsvertrag mit dem Bewerber geschlossen, so werden die&lt;br \/&gt;Bewerbungsunterlagen zwei Monate nach Bekanntgabe der Absageentscheidung automatisch&lt;br \/&gt;gel\u00f6scht, sofern einer L\u00f6schung keine sonstigen berechtigten Interessen des f\u00fcr die&lt;br \/&gt;Verarbeitung Verantwortlichen entgegenstehen. Sonstiges berechtigtes Interesse in diesem&lt;br \/&gt;Sinne ist beispielsweise eine Beweispflicht in einem Verfahren nach dem Allgemeinen&lt;br \/&gt;Gleichbehandlungsgesetz (AGG).&lt;\/div&gt;&lt;div&gt; &lt;\/div&gt;&lt;div class=&#8221; et_pb_row et_pb_row_0&#8243;&gt;&lt;strong&gt;12. Rechtsgrundlage der Verarbeitung&lt;\/strong&gt;&lt;\/div&gt;&lt;div&gt; &lt;\/div&gt;&lt;div class=&#8221; et_pb_row et_pb_row_0&#8243;&gt;Art. 6 I lit. a DS-GVO dient unserem Unternehmen als Rechtsgrundlage f\u00fcr&lt;br \/&gt;Verarbeitungsvorg\u00e4nge, bei denen wir eine Einwilligung f\u00fcr einen bestimmten&lt;br \/&gt;Verarbeitungszweck einholen. Ist die Verarbeitung personenbezogener Daten zur Erf\u00fcllung&lt;br \/&gt;eines Vertrags, dessen Vertragspartei die betroffene Person ist, erforderlich, wie dies&lt;br \/&gt;beispielsweise bei Verarbeitungsvorg\u00e4ngen der Fall ist, die f\u00fcr eine Lieferung von Waren&lt;br \/&gt;oder die Erbringung einer sonstigen Leistung oder Gegenleistung notwendig sind, so beruht&lt;br \/&gt;die Verarbeitung auf Art. 6 I lit. b DS-GVO. Gleiches gilt f\u00fcr solche Verarbeitungsvorg\u00e4nge&lt;br \/&gt;die zur Durchf\u00fchrung vorvertraglicher Ma\u00dfnahmen erforderlich sind, etwa in F\u00e4llen von&lt;br \/&gt;Anfragen zur unseren Produkten oder Leistungen. Unterliegt unser Unternehmen einer&lt;br \/&gt;rechtlichen Verpflichtung durch welche eine Verarbeitung von personenbezogenen Daten&lt;br \/&gt;erforderlich wird, wie beispielsweise zur Erf\u00fcllung steuerlicher Pflichten, so basiert die&lt;br \/&gt;Verarbeitung auf Art. 6 I lit. c DS-GVO. In seltenen F\u00e4llen k\u00f6nnte die Verarbeitung von&lt;br \/&gt;personenbezogenen Daten erforderlich werden, um lebenswichtige Interessen der betroffenen&lt;br \/&gt;Person oder einer anderen nat\u00fcrlichen Person zu sch\u00fctzen. Dies w\u00e4re beispielsweise der Fall,&lt;br \/&gt;wenn ein Besucher in unserem Betrieb verletzt werden w\u00fcrde und daraufhin sein Name, sein&lt;br \/&gt;Alter, seine Krankenkassendaten oder sonstige lebenswichtige Informationen an einen Arzt,&lt;br \/&gt;ein Krankenhaus oder sonstige Dritte weitergegeben werden m\u00fcssten. Dann w\u00fcrde die&lt;br \/&gt;Verarbeitung auf Art. 6 I lit. d DS-GVO beruhen. Letztlich k\u00f6nnten Verarbeitungsvorg\u00e4nge&lt;br \/&gt;auf Art. 6 I lit. f DS-GVO beruhen. Auf dieser Rechtsgrundlage basieren&lt;br \/&gt;Verarbeitungsvorg\u00e4nge, die von keiner der vorgenannten Rechtsgrundlagen erfasst werden,&lt;br \/&gt;wenn die Verarbeitung zur Wahrung eines berechtigten Interesses unseres Unternehmens oder&lt;br \/&gt;eines Dritten erforderlich ist, sofern die Interessen, Grundrechte und Grundfreiheiten des&lt;br \/&gt;Betroffenen nicht \u00fcberwiegen. Solche Verarbeitungsvorg\u00e4nge sind uns insbesondere deshalb&lt;br \/&gt;gestattet, weil sie durch den Europ\u00e4ischen Gesetzgeber besonders erw\u00e4hnt wurden. Er vertrat&lt;br \/&gt;insoweit die Auffassung, dass ein berechtigtes Interesse anzunehmen sein k\u00f6nnte, wenn die&lt;br \/&gt;betroffene Person ein Kunde des Verantwortlichen ist (Erw\u00e4gungsgrund 47 Satz 2 DS-GVO).&lt;\/div&gt;&lt;div&gt; &lt;\/div&gt;&lt;div class=&#8221; et_pb_row et_pb_row_0&#8243;&gt;&lt;strong&gt;13. Berechtigte Interessen an der Verarbeitung, die von dem Verantwortlichen oder&lt;\/strong&gt;&lt;br \/&gt;&lt;strong&gt;einem Dritten verfolgt werden&lt;\/strong&gt;&lt;\/div&gt;&lt;div&gt; &lt;\/div&gt;&lt;div class=&#8221; et_pb_row et_pb_row_0&#8243;&gt;Basiert die Verarbeitung personenbezogener Daten auf Artikel 6 I lit. f DS-GVO ist unser&lt;br \/&gt;berechtigtes Interesse die Durchf\u00fchrung unserer Gesch\u00e4ftst\u00e4tigkeit zugunsten des&lt;br \/&gt;Wohlergehens all unserer Mitarbeiter und unserer Anteilseigner.&lt;\/div&gt;&lt;div&gt; &lt;\/div&gt;&lt;div class=&#8221; et_pb_row et_pb_row_0&#8243;&gt;&lt;strong&gt;14. Dauer, f\u00fcr die die personenbezogenen Daten gespeichert werden&lt;\/strong&gt;&lt;\/div&gt;&lt;div&gt; &lt;\/div&gt;&lt;div class=&#8221; et_pb_row et_pb_row_0&#8243;&gt;Das Kriterium f\u00fcr die Dauer der Speicherung von personenbezogenen Daten ist die jeweilige&lt;br \/&gt;gesetzliche Aufbewahrungsfrist. Nach Ablauf der Frist werden die entsprechenden Daten&lt;br \/&gt;routinem\u00e4\u00dfig gel\u00f6scht, sofern sie nicht mehr zur Vertragserf\u00fcllung oder Vertragsanbahnung&lt;br \/&gt;erforderlich sind.&lt;\/div&gt;&lt;div&gt; &lt;\/div&gt;&lt;div class=&#8221; et_pb_row et_pb_row_0&#8243;&gt;&lt;strong&gt;15. Gesetzliche oder vertragliche Vorschriften zur Bereitstellung der personenbezogenen&lt;\/strong&gt;&lt;br \/&gt;&lt;strong&gt;Daten; Erforderlichkeit f\u00fcr den Vertragsabschluss; Verpflichtung der betroffenen&lt;\/strong&gt;&lt;br \/&gt;&lt;strong&gt;Person, die personenbezogenen Daten bereitzustellen; m\u00f6gliche Folgen der&lt;\/strong&gt;&lt;br \/&gt;&lt;strong&gt;Nichtbereitstellung&lt;\/strong&gt;&lt;\/div&gt;&lt;div&gt; &lt;\/div&gt;&lt;div class=&#8221; et_pb_row et_pb_row_0&#8243;&gt;Wir kl\u00e4ren Sie dar\u00fcber auf, dass die Bereitstellung personenbezogener Daten zum Teil&lt;br \/&gt;gesetzlich vorgeschrieben ist (z.B. Steuervorschriften) oder sich auch aus vertraglichen&lt;br \/&gt;Regelungen (z.B. Angaben zum Vertragspartner) ergeben kann. Mitunter kann es zu einem&lt;br \/&gt;Vertragsschluss erforderlich sein, dass eine betroffene Person uns personenbezogene Daten&lt;br \/&gt;zur Verf\u00fcgung stellt, die in der Folge durch uns verarbeitet werden m\u00fcssen. Die betroffene&lt;br \/&gt;Person ist beispielsweise verpflichtet uns personenbezogene Daten bereitzustellen, wenn&lt;br \/&gt;unser Unternehmen mit ihr einen Vertrag abschlie\u00dft. Eine Nichtbereitstellung der&lt;br \/&gt;personenbezogenen Daten h\u00e4tte zur Folge, dass der Vertrag mit dem Betroffenen nicht&lt;br \/&gt;geschlossen werden k\u00f6nnte. Vor einer Bereitstellung personenbezogener Daten durch den&lt;br \/&gt;Betroffenen muss sich der Betroffene an unseren Datenschutzbeauftragten wenden. Unser&lt;br \/&gt;Datenschutzbeauftragter kl\u00e4rt den Betroffenen einzelfallbezogen dar\u00fcber auf, ob die&lt;br \/&gt;Bereitstellung der personenbezogenen Daten gesetzlich oder vertraglich vorgeschrieben oder&lt;br \/&gt;f\u00fcr den Vertragsabschluss erforderlich ist, ob eine Verpflichtung besteht, die&lt;br \/&gt;personenbezogenen Daten bereitzustellen, und welche Folgen die Nichtbereitstellung der&lt;br \/&gt;personenbezogenen Daten h\u00e4tte.&lt;\/div&gt;&lt;div&gt; &lt;\/div&gt;&lt;div class=&#8221; et_pb_row et_pb_row_0&#8243;&gt;&lt;strong&gt;16. Bestehen einer automatisierten Entscheidungsfindung&lt;\/strong&gt;&lt;\/div&gt;&lt;div&gt; &lt;\/div&gt;&lt;div class=&#8221; et_pb_row et_pb_row_0&#8243;&gt;Als verantwortungsbewusstes Unternehmen verzichten wir auf eine automatische&lt;br \/&gt;Entscheidungsfindung oder ein Profiling.&lt;\/div&gt;&lt;div&gt; &lt;\/div&gt;&lt;div class=&#8221; et_pb_row et_pb_row_0&#8243;&gt;&lt;strong&gt;17. Datenschutzbestimmungen zu Einsatz und Verwendung von Google Analytics (mit&lt;\/strong&gt;&lt;br \/&gt;&lt;strong&gt;Anonymisierungsfunktion)&lt;\/strong&gt;&lt;\/div&gt;&lt;div&gt; &lt;\/div&gt;&lt;div class=&#8221; et_pb_row et_pb_row_0&#8243;&gt;Der f\u00fcr die Verarbeitung Verantwortliche hat auf dieser Internetseite die Komponente Google&lt;br \/&gt;Analytics (mit Anonymisierungsfunktion) integriert. Google Analytics ist ein Web-Analyse-&lt;br \/&gt;Dienst. Web-Analyse ist die Erhebung, Sammlung und Auswertung von Daten \u00fcber das&lt;br \/&gt;Verhalten von Besuchern von Internetseiten. Ein Web-Analyse-Dienst erfasst unter anderem&lt;br \/&gt;Daten dar\u00fcber, von welcher Internetseite eine betroffene Person auf eine Internetseite&lt;br \/&gt;gekommen ist (sogenannte Referrer), auf welche Unterseiten der Internetseite zugegriffen&lt;br \/&gt;oder wie oft und f\u00fcr welche Verweildauer eine Unterseite betrachtet wurde. Eine Web-&lt;br \/&gt;Analyse wird \u00fcberwiegend zur Optimierung einer Internetseite und zur Kosten-Nutzen-&lt;br \/&gt;Analyse von Internetwerbung eingesetzt.&lt;\/div&gt;&lt;div class=&#8221; et_pb_row et_pb_row_0&#8243;&gt;Betreibergesellschaft der Google-Analytics-Komponente ist die Google Inc., 1600&lt;br \/&gt;Amphitheatre Pkwy, Mountain View, CA 94043-1351, USA.&lt;\/div&gt;&lt;div class=&#8221; et_pb_row et_pb_row_0&#8243;&gt;Der f\u00fcr die Verarbeitung Verantwortliche verwendet f\u00fcr die Web-Analyse \u00fcber Google&lt;br \/&gt;Analytics den Zusatz \u201e_gat._anonymizeIp\u201c. Mittels dieses Zusatzes wird die IP-Adresse des&lt;br \/&gt;Internetanschlusses der betroffenen Person von Google gek\u00fcrzt und anonymisiert, wenn der&lt;br \/&gt;Zugriff auf unsere Internetseiten aus einem Mitgliedstaat der Europ\u00e4ischen Union oder aus&lt;br \/&gt;einem anderen Vertragsstaat des Abkommens \u00fcber den Europ\u00e4ischen Wirtschaftsraum&lt;br \/&gt;erfolgt.&lt;\/div&gt;&lt;div class=&#8221; et_pb_row et_pb_row_0&#8243;&gt;Der Zweck der Google-Analytics-Komponente ist die Analyse der Besucherstr\u00f6me auf&lt;br \/&gt;unserer Internetseite. Google nutzt die gewonnenen Daten und Informationen unter anderem&lt;br \/&gt;dazu, die Nutzung unserer Internetseite auszuwerten, um f\u00fcr uns Online-Reports, welche die&lt;br \/&gt;Aktivit\u00e4ten auf unseren Internetseiten aufzeigen, zusammenzustellen, und um weitere mit der&lt;br \/&gt;Nutzung unserer Internetseite in Verbindung stehende Dienstleistungen zu erbringen.&lt;br \/&gt;Google Analytics setzt ein Cookie auf dem informationstechnologischen System der&lt;br \/&gt;betroffenen Person. Was Cookies sind, wurde oben bereits erl\u00e4utert. Mit Setzung des Cookies&lt;br \/&gt;wird Google eine Analyse der Benutzung unserer Internetseite erm\u00f6glicht. Durch jeden&lt;br \/&gt;Aufruf einer der Einzelseiten dieser Internetseite, die durch den f\u00fcr die Verarbeitung&lt;br \/&gt;Verantwortlichen betrieben wird und auf welcher eine Google-Analytics-Komponente&lt;br \/&gt;integriert wurde, wird der Internetbrowser auf dem informationstechnologischen System der&lt;br \/&gt;betroffenen Person automatisch durch die jeweilige Google-Analytics-Komponente&lt;br \/&gt;veranlasst, Daten zum Zwecke der Online-Analyse an Google zu \u00fcbermitteln. Im Rahmen&lt;br \/&gt;dieses technischen Verfahrens erh\u00e4lt Google Kenntnis \u00fcber personenbezogene Daten, wie der&lt;br \/&gt;IP-Adresse der betroffenen Person, die Google unter anderem dazu dienen, die Herkunft der&lt;br \/&gt;Besucher und Klicks nachzuvollziehen und in der Folge Provisionsabrechnungen zu&lt;br \/&gt;erm\u00f6glichen.&lt;\/div&gt;&lt;div class=&#8221; et_pb_row et_pb_row_0&#8243;&gt;Mittels des Cookies werden personenbezogene Informationen, beispielsweise die Zugriffszeit,&lt;br \/&gt;der Ort, von welchem ein Zugriff ausging und die H\u00e4ufigkeit der Besuche unserer&lt;br \/&gt;Internetseite durch die betroffene Person, gespeichert. Bei jedem Besuch unserer&lt;br \/&gt;Internetseiten werden diese personenbezogenen Daten, einschlie\u00dflich der IP-Adresse des von&lt;br \/&gt;der betroffenen Person genutzten Internetanschlusses, an Google in den Vereinigten Staaten&lt;br \/&gt;von Amerika \u00fcbertragen. Diese personenbezogenen Daten werden durch Google in den&lt;br \/&gt;Vereinigten Staaten von Amerika gespeichert. Google gibt diese \u00fcber das technische&lt;br \/&gt;Verfahren erhobenen personenbezogenen Daten unter Umst\u00e4nden an Dritte weiter.&lt;\/div&gt;&lt;div class=&#8221; et_pb_row et_pb_row_0&#8243;&gt;Die betroffene Person kann die Setzung von Cookies durch unsere Internetseite, wie oben&lt;br \/&gt;bereits dargestellt, jederzeit mittels einer entsprechenden Einstellung des genutzten&lt;br \/&gt;Internetbrowsers verhindern und damit der Setzung von Cookies dauerhaft widersprechen.&lt;br \/&gt;Eine solche Einstellung des genutzten Internetbrowsers w\u00fcrde auch verhindern, dass Google&lt;br \/&gt;ein Cookie auf dem informationstechnologischen System der betroffenen Person setzt. Zudem&lt;br \/&gt;kann ein von Google Analytics bereits gesetzter Cookie jederzeit \u00fcber den Internetbrowser&lt;br \/&gt;oder andere Softwareprogramme gel\u00f6scht werden.&lt;\/div&gt;&lt;div class=&#8221; et_pb_row et_pb_row_0&#8243;&gt;Ferner besteht f\u00fcr die betroffene Person die M\u00f6glichkeit, einer Erfassung der durch Google&lt;br \/&gt;Analytics erzeugten, auf eine Nutzung dieser Internetseite bezogenen Daten sowie der&lt;br \/&gt;Verarbeitung dieser Daten durch Google zu widersprechen und eine solche zu verhindern.&lt;br \/&gt;Hierzu muss die betroffene Person ein Browser-Add-On unter dem Link&lt;br \/&gt;https:\/\/tools.google.com\/dlpage\/gaoptout herunterladen und installieren. Dieses Browser-Add-&lt;br \/&gt;On teilt Google Analytics \u00fcber JavaScript mit, dass keine Daten und Informationen zu den&lt;br \/&gt;Besuchen von Internetseiten an Google Analytics \u00fcbermittelt werden d\u00fcrfen. Die Installation&lt;br \/&gt;des Browser-Add-Ons wird von Google als Widerspruch gewertet. Wird das&lt;br \/&gt;informationstechnologische System der betroffenen Person zu einem sp\u00e4teren Zeitpunkt&lt;br \/&gt;gel\u00f6scht, formatiert oder neu installiert, muss durch die betroffene Person eine erneute&lt;br \/&gt;Installation des Browser-Add-Ons erfolgen, um Google Analytics zu deaktivieren. Sofern das&lt;br \/&gt;Browser-Add-On durch die betroffene Person oder einer anderen Person, die ihrem&lt;br \/&gt;Machtbereich zuzurechnen ist, deinstalliert oder deaktiviert wird, besteht die M\u00f6glichkeit der&lt;br \/&gt;Neuinstallation oder der erneuten Aktivierung des Browser-Add-Ons.&lt;\/div&gt;&lt;div class=&#8221; et_pb_row et_pb_row_0&#8243;&gt;Weitere Informationen und die geltenden Datenschutzbestimmungen von Google k\u00f6nnen&lt;br \/&gt;unter https:\/\/www.google.de\/intl\/de\/policies\/privacy\/ und unter&lt;br \/&gt;http:\/\/www.google.com\/analytics\/terms\/de.html abgerufen werden. Google Analytics wird&lt;br \/&gt;unter diesem Link https:\/\/www.google.com\/intl\/de_de\/analytics\/ genauer erl\u00e4utert.&lt;\/div&gt;&lt;div&gt; &lt;\/div&gt;&lt;div class=&#8221; et_pb_row et_pb_row_0&#8243;&gt;&lt;strong&gt;18. Kontakt \/ Online (Live) Chat per Smartsupp&lt;\/strong&gt;&lt;\/div&gt;&lt;div&gt; &lt;\/div&gt;&lt;div class=&#8221; et_pb_row et_pb_row_0&#8243;&gt;Diese Website nutzt das Chat \u2013 Plugin Smartsupp. Anbieter ist die Smartsupp, Milady&lt;br \/&gt;Horakove 13, 602 00 Brno, Tschechische Republik&lt;\/div&gt;&lt;div class=&#8221; et_pb_row et_pb_row_0&#8243;&gt;Sie k\u00f6nnen Smartsupp nutzen, um mit Mitarbeitern eine direkte Kommunikation zu starten.&lt;br \/&gt;Das Smartsupp Plugin dieser Webseite zeichnet Daten (Browserinformationen, besuchte&lt;br \/&gt;Seiteninhalte und Konversation) mit Besuch der Website, und wenn Informationen zwischen&lt;br \/&gt;dem Besucher und unserem Mitarbeiter ausgetauscht werden, anonymisiert auf. Dabei werden&lt;br \/&gt;\u201eSession\u201c Cookies genutzt, die nach dem Besuch der Webseite gel\u00f6scht werden. Die Cookies&lt;br \/&gt;enthalten keine personenbezogenen Daten. Die Daten werden in der Regel auf Server in der&lt;br \/&gt;EU verschl\u00fcsselt \u00fcbertragen.&lt;\/div&gt;&lt;div class=&#8221; et_pb_row et_pb_row_0&#8243;&gt;Die Speicherung erfolgt auf Grundlage von Art. 6 Abs. 1 lit. a und f DSGVO. Der Besucher&lt;br \/&gt;kann diese Funktion freiwillig nutzen, um mit dem Betreiber des Angebots direkt in Kontakt&lt;br \/&gt;zu treten. Der Websitebetreiber hat dar\u00fcber hinaus ein berechtigtes Interesse an der Analyse&lt;br \/&gt;des Nutzerverhaltens, um sowohl sein Webangebot als auch seine Werbung zu optimieren.&lt;\/div&gt;&lt;div class=&#8221; et_pb_row et_pb_row_0&#8243;&gt;Widerspruch gegen Datenerfassung&lt;\/div&gt;&lt;div class=&#8221; et_pb_row et_pb_row_0&#8243;&gt;Sie k\u00f6nnen die Erfassung Ihrer Daten durch Smartsupp verhindern, indem Sie die Chat&lt;br \/&gt;Funktion dieser Website nicht nutzen. Dar\u00fcber hinaus k\u00f6nnen Sie ein Add-In in Ihrem&lt;br \/&gt;Browser installieren, das dieses Plug-In blockiert.&lt;\/div&gt;&lt;div class=&#8221; et_pb_row et_pb_row_0&#8243;&gt;Auftragsdatenverarbeitung&lt;br \/&gt;Eine Verarbeitung der Daten kommt mit Besuch der Website zustande. Smartsupp beschreibt&lt;br \/&gt;den Umgang mit den Daten transparent gem\u00e4\u00df Vorgaben der DSGVO unter&lt;br \/&gt;https:\/\/www.smartsupp.com\/de\/privacy.&lt;\/div&gt;&lt;div&gt; &lt;\/div&gt;&lt;div class=&#8221; et_pb_row et_pb_row_0&#8243;&gt;&lt;strong&gt;19. Google Adwords Conversion Tracking&lt;\/strong&gt;&lt;\/div&gt;&lt;div&gt; &lt;\/div&gt;&lt;div class=&#8221; et_pb_row et_pb_row_0&#8243;&gt;Diese Webseite nutzt ferner das Google Conversion Tracking. Dabei wird von Google&lt;br \/&gt;Adwords ein Cookie auf Ihrem Rechner gesetzt, sofern Sie \u00fcber eine Google-Anzeige auf&lt;br \/&gt;unsere Webseite gelangt sind. Diese Cookies verlieren nach 30 Tagen ihre G\u00fcltigkeit und&lt;br \/&gt;dienen nicht der pers\u00f6nlichen Identifizierung. Besucht der Nutzer bestimmte Seiten der&lt;br \/&gt;Webseite des Adwords-Kunden und das Cookie ist noch nicht abgelaufen, k\u00f6nnen Google&lt;br \/&gt;und der Kunde erkennen, dass der Nutzer auf die Anzeige geklickt hat und zu dieser Seite&lt;br \/&gt;weitergeleitet wurde. Jeder Adwords-Kunde erh\u00e4lt ein anderes Cookie. Cookies k\u00f6nnen somit&lt;br \/&gt;nicht \u00fcber die Websites von Adwords-Kunden nachverfolgt werden. Die mithilfe des&lt;br \/&gt;Conversion-Cookies eingeholten Informationen dienen dazu, Conversion-Statistiken f\u00fcr&lt;br \/&gt;Adwords-Kunden zu erstellen, die sich f\u00fcr Conversion-Tracking entschieden haben.&lt;\/div&gt;&lt;div class=&#8221; et_pb_row et_pb_row_0&#8243;&gt;Die Adwords-Kunden erfahren die Gesamtanzahl der Nutzer, die auf ihre Anzeige geklickt&lt;br \/&gt;haben und zu einer mit einem Conversion-Tracking-Tag versehenen Seite weitergeleitet&lt;br \/&gt;wurden. Sie erhalten jedoch keine Informationen, mit denen sich Nutzer pers\u00f6nlich&lt;br \/&gt;identifizieren lassen. Wenn Sie nicht an dem Tracking-Verfahren teilnehmen m\u00f6chten,&lt;br \/&gt;k\u00f6nnen Sie auch das hierf\u00fcr erforderliche Setzen eines Cookies ablehnen \u2013 etwa per Browser-&lt;br \/&gt;Einstellung, die das automatische Setzen von Cookies generell deaktiviert. Sie k\u00f6nnen&lt;br \/&gt;Cookies f\u00fcr Conversion-Tracking auch deaktivieren, indem Sie Ihren Browser so einstellen,&lt;br \/&gt;dass Cookies von der Domain \u201ewww.googleadservices.com\u201c blockiert werden. Die Googles&lt;br \/&gt;Datenschutzbelehrung zum Conversion-Tracking finden Sie unter&lt;br \/&gt;http:\/\/www.google.com\/intl\/de\/policies\/privacy.&lt;\/div&gt;&lt;div&gt; &lt;\/div&gt;&lt;div class=&#8221; et_pb_row et_pb_row_0&#8243;&gt;&lt;strong&gt;20. Datenschutzerkl\u00e4rung Google Maps&lt;\/strong&gt;&lt;\/div&gt;&lt;div&gt; &lt;\/div&gt;&lt;div class=&#8221; et_pb_row et_pb_row_0&#8243;&gt;Diese Webseite verwendet das Produkt Google Maps von Google Inc. Durch Nutzung dieser&lt;br \/&gt;Webseite erkl\u00e4ren Sie sich mit der Erfassung, Bearbeitung sowie Nutzung der automatisiert&lt;br \/&gt;erhobenen Daten durch Google Inc, deren Vertreter sowie Dritter einverstanden.&lt;br \/&gt;Die Nutzungsbedingungen von Google Maps finden sie unter \u201eNutzungsbedingungen von&lt;br \/&gt;Google Maps\u201c.&lt;\/div&gt;&lt;div&gt; &lt;\/div&gt;&lt;div class=&#8221; et_pb_row et_pb_row_0&#8243;&gt;&lt;strong&gt;21. Datenschutzerkl\u00e4rung f\u00fcr die Nutzung von Facebook-Plugins (Like-Button)&lt;\/strong&gt;&lt;\/div&gt;&lt;div&gt; &lt;\/div&gt;&lt;div class=&#8221; et_pb_row et_pb_row_0&#8243;&gt;Auf unseren Seiten sind Plugins des sozialen Netzwerks Facebook, 1601 South California&lt;br \/&gt;Avenue, Palo Alto, CA 94304, USA integriert. Die Facebook-Plugins erkennen Sie an dem&lt;br \/&gt;Facebook-Logo oder dem \u201eLike-Button\u201c (\u201eGef\u00e4llt mir\u201c) auf unserer Seite. Eine \u00dcbersicht&lt;br \/&gt;\u00fcber die Facebook-Plugins finden Sie&lt;br \/&gt;hier: http:\/\/developers.facebook.com\/docs\/plugins\/ Wenn Sie unsere Seiten besuchen, wird&lt;br \/&gt;\u00fcber das Plugin eine direkte Verbindung zwischen Ihrem Browser und dem Facebook-Server&lt;br \/&gt;hergestellt. Facebook erh\u00e4lt dadurch die Information, dass Sie mit Ihrer IP-Adresse unsere&lt;br \/&gt;Seite besucht haben. Wenn Sie den Facebook \u201eLike-Button\u201c anklicken w\u00e4hrend Sie in Ihrem&lt;br \/&gt;Facebook-Account eingeloggt sind, k\u00f6nnen Sie die Inhalte unserer Seiten auf Ihrem&lt;br \/&gt;Facebook-Profil verlinken. Dadurch kann Facebook den Besuch unserer Seiten Ihrem&lt;br \/&gt;Benutzerkonto zuordnen. Wir weisen darauf hin, dass wir als Anbieter der Seiten keine&lt;br \/&gt;Kenntnis vom Inhalt der \u00fcbermittelten Daten sowie deren Nutzung durch Facebook erhalten.&lt;br \/&gt;Weitere Informationen hierzu finden Sie in der Datenschutzerkl\u00e4rung von facebook&lt;br \/&gt;unter https:\/\/de-de.facebook.com\/policy.php&lt;br \/&gt;Wenn Sie nicht w\u00fcnschen, dass Facebook den Besuch unserer Seiten Ihrem Facebook-&lt;br \/&gt;Nutzerkonto zuordnen kann, loggen Sie sich bitte aus Ihrem Facebook-Benutzerkonto aus.&lt;\/div&gt;&lt;div&gt; &lt;\/div&gt;&lt;div class=&#8221; et_pb_row et_pb_row_0&#8243;&gt;&lt;strong&gt;22. Datenschutzerkl\u00e4rung f\u00fcr die Nutzung der Google \u201e+1\u201c-Schaltfl\u00e4che&lt;\/strong&gt;&lt;\/div&gt;&lt;div&gt; &lt;\/div&gt;&lt;div class=&#8221; et_pb_row et_pb_row_0&#8243;&gt;Unsere Seite verwendet die \u201e+1\u201c-Schaltfl\u00e4che des Anbieters Google+ der Firma Google Inc.,&lt;br \/&gt;1600 Amphitheatre Parkway, Mountain View, CA 94043 USA, nachfolgend \u201eGoogle\u201c.&lt;br \/&gt;Bei jedem einzelnen Abruf unserer Webseite, die mit einer solchen \u201e+1\u201c-Komponente&lt;br \/&gt;ausgestattet ist, veranlasst diese Komponente, dass der von Ihnen verwendete Browser eine&lt;br \/&gt;entsprechende Darstellung der Komponente von Google herunterl\u00e4dt. Durch diesen Vorgang&lt;br \/&gt;wird Google dar\u00fcber in Kenntnis gesetzt, welche konkrete Seite unseres Internetauftrittes&lt;br \/&gt;gerade besucht wird. Entsprechend den Angaben von Google erfolgt eine weitergehende&lt;br \/&gt;Auswertung Ihres Besuchs nicht f\u00fcr den Fall, dass Sie nicht in Ihrem Google-Konto&lt;br \/&gt;eingeloggt sind.&lt;br \/&gt;Wenn Sie unsere Seite aufrufen und w\u00e4hrenddessen bei Google eingeloggt sind, kann Google&lt;br \/&gt;bei dem Best\u00e4tigen des \u201e+1\u2033-Buttons Informationen \u00fcber Ihren Google-Account, die von&lt;br \/&gt;Ihnen weiterempfohlene Webseite sowie Ihre IP-Adresse und andere browserbezogene&lt;br \/&gt;Informationen erfassen. So kann Ihre \u201e+1\u201c-Empfehlung gespeichert und \u00f6ffentlich zug\u00e4nglich&lt;br \/&gt;gemacht werden. Ihre somit abgegebene Google \u201e+1\u201c-Empfehlung kann dann als Hinweis&lt;br \/&gt;zusammen mit Ihrem Account-Namen und gegebenenfalls mit Ihrem bei Google hinterlegten&lt;br \/&gt;Foto in Google-Diensten, wie etwa in Suchergebnissen oder in Ihrem Google-Konto oder an&lt;br \/&gt;sonstigen Stellen, wie z.B. auf Webseiten und Anzeigen im Internet, eingeblendet werden.&lt;br \/&gt;Des Weiteren kann Google Ihren Besuch auf unserer Seite mit Ihren bei Google gespeicherten&lt;br \/&gt;Daten verkn\u00fcpfen. Google zeichnet diese Informationen auch auf, um die Google-Dienste&lt;br \/&gt;weiter zu verbessern.&lt;br \/&gt;Wollen Sie daher vorgenannte Erfassung durch Google bestm\u00f6glich verhindern, m\u00fcssen Sie&lt;br \/&gt;sich vor dem Besuch unseres Internetauftrittes aus Ihrem Google-Konto abmelden.&lt;br \/&gt;Die Datenschutzhinweise von Google zur \u201e+1\u201c-Schaltfl\u00e4che mit allen weiteren Informationen&lt;br \/&gt;zur Erfassung, Weitergabe und Nutzung von Daten durch Google, zu Ihren diesbez\u00fcglichen&lt;br \/&gt;Rechten sowie zu Ihren Profileinstellungsm\u00f6glichkeiten k\u00f6nnen Sie hier&lt;br \/&gt;abrufen: https:\/\/developers.google.com\/+\/web\/buttons-policy&lt;\/div&gt;&lt;div&gt; &lt;\/div&gt;&lt;div class=&#8221; et_pb_row et_pb_row_0&#8243;&gt;&lt;strong&gt;23. Datenschutzerkl\u00e4rung f\u00fcr die Nutzung von Twitter&lt;\/strong&gt;&lt;\/div&gt;&lt;div&gt; &lt;\/div&gt;&lt;div class=&#8221; et_pb_row et_pb_row_0&#8243;&gt;Auf unseren Seiten sind Funktionen des Dienstes Twitter eingebunden. Diese Funktionen&lt;br \/&gt;werden angeboten durch die Twitter Inc., Twitter, Inc. 1355 Market St, Suite 900, San&lt;br \/&gt;Francisco, CA 94103, USA. Durch das Benutzen von Twitter und der Funktion \u201eRe-Tweet\u201c&lt;br \/&gt;werden die von Ihnen besuchten Webseiten mit Ihrem Twitter-Account verkn\u00fcpft und&lt;br \/&gt;anderen Nutzern bekannt gegeben. Dabei werden auch Daten an Twitter \u00fcbertragen.&lt;br \/&gt;Wir weisen darauf hin, dass wir als Anbieter der Seiten keine Kenntnis vom Inhalt der&lt;br \/&gt;\u00fcbermittelten Daten sowie deren Nutzung durch Twitter erhalten. Weitere Informationen&lt;br \/&gt;hierzu finden Sie in der Datenschutzerkl\u00e4rung von Twitter unter http:\/\/twitter.com\/privacy.&lt;br \/&gt;Ihre Datenschutzeinstellungen bei Twitter k\u00f6nnen Sie in den Konto-Einstellungen&lt;br \/&gt;unter http:\/\/twitter.com\/account\/settings \u00e4ndern.&lt;\/div&gt;&lt;div&gt; &lt;\/div&gt;&lt;div class=&#8221; et_pb_row et_pb_row_0&#8243;&gt;&lt;strong&gt;23. Datenschutzerkl\u00e4rung f\u00fcr die Nutzung von Pinterest&lt;\/strong&gt;&lt;\/div&gt;&lt;div&gt; &lt;\/div&gt;&lt;div class=&#8221; et_pb_row et_pb_row_0&#8243;&gt;Wir setzen auf unserer Website den Dienst pinterest.com ein. Pinterest.com ist ein Service der&lt;br \/&gt;Pinterest, Inc., 808 Brannan St, San Francisco, CA 94103, USA. Durch den eingebundenen&lt;br \/&gt;\u201ePin it\u201c-Button auf unsere Seite erh\u00e4lt Pinterest die Information, dass Sie die entsprechende&lt;br \/&gt;Seite unseres Internetauftritts aufgerufen haben. Sind Sie bei Pinterest eingeloggt, kann&lt;br \/&gt;Pinterest diesen Besuch auf unserer Seite Ihrem Pinterest-Konto zuordnen und die Daten&lt;br \/&gt;somit verkn\u00fcpfen. Die durch Anklicken des \u201ePin it\u201c-Buttons \u00fcbermittelten Daten werden von&lt;br \/&gt;Pinterest gespeichert. Zu Zweck und Umfang der Datenerhebung, deren Verarbeitung und&lt;br \/&gt;Nutzung sowie Ihren diesbez\u00fcglichen Rechten und Einstellungsm\u00f6glichkeiten zum Schutz&lt;br \/&gt;Ihrer Privatsph\u00e4re erhalten Sie weitere Informationen in den Pinterest -Datenschutzhinweisen,&lt;br \/&gt;die Sie \u00fcber http:\/\/pinterest.com\/about\/privacy\/ abrufen k\u00f6nnen.&lt;br \/&gt;Um zu verhindern, dass Pinterest den Besuch unserer Seite Ihrem Pinterest-Konto zuordnen&lt;br \/&gt;kann, m\u00fcssen Sie sich vor dem Besuch unserer Seite von Ihrem Pinterest-Account abmelden.&lt;\/div&gt;&lt;div&gt; &lt;\/div&gt;&lt;div&gt;&lt;strong&gt;24. Matomo (lokale Webanalyse)&lt;\/strong&gt;&lt;\/div&gt;&lt;div&gt; &lt;\/div&gt;&lt;div&gt;Diese Website nutzt den Webanalysedienst &lt;strong data-start=&#8221;492&#8243; data-end=&#8221;502&#8243;&gt;Matomo&lt;\/strong&gt;, um die Nutzung unserer Website statistisch auszuwerten und zu verbessern. Die Software wird lokal auf dem Server des Verantwortlichen betrieben \u2013 es erfolgt &lt;strong data-start=&#8221;661&#8243; data-end=&#8221;726&#8243;&gt;keine \u00dcbertragung der Analysedaten an Dritte oder ins Ausland&lt;\/strong&gt;.&lt;p data-start=&#8221;729&#8243; data-end=&#8221;770&#8243;&gt;Mit Matomo werden folgende Daten erhoben:&lt;\/p&gt;&lt;ul data-start=&#8221;771&#8243; data-end=&#8221;1035&#8243;&gt;&lt;li data-start=&#8221;771&#8243; data-end=&#8221;830&#8243;&gt;&lt;p data-start=&#8221;773&#8243; data-end=&#8221;830&#8243;&gt;die anonymisierte IP-Adresse (letzte zwei Bytes entfernt)&lt;\/p&gt;&lt;\/li&gt;&lt;li data-start=&#8221;831&#8243; data-end=&#8221;851&#8243;&gt;&lt;p data-start=&#8221;833&#8243; data-end=&#8221;851&#8243;&gt;aufgerufene Seiten&lt;\/p&gt;&lt;\/li&gt;&lt;li data-start=&#8221;852&#8243; data-end=&#8221;902&#8243;&gt;&lt;p data-start=&#8221;854&#8243; data-end=&#8221;902&#8243;&gt;der verwendete Browsertyp und die Browserversion&lt;\/p&gt;&lt;\/li&gt;&lt;li data-start=&#8221;903&#8243; data-end=&#8221;934&#8243;&gt;&lt;p data-start=&#8221;905&#8243; data-end=&#8221;934&#8243;&gt;das verwendete Betriebssystem&lt;\/p&gt;&lt;\/li&gt;&lt;li data-start=&#8221;935&#8243; data-end=&#8221;960&#8243;&gt;&lt;p data-start=&#8221;937&#8243; data-end=&#8221;960&#8243;&gt;die Bildschirmaufl\u00f6sung&lt;\/p&gt;&lt;\/li&gt;&lt;li data-start=&#8221;961&#8243; data-end=&#8221;995&#8243;&gt;&lt;p data-start=&#8221;963&#8243; data-end=&#8221;995&#8243;&gt;die Verweildauer auf der Website&lt;\/p&gt;&lt;\/li&gt;&lt;li data-start=&#8221;996&#8243; data-end=&#8221;1035&#8243;&gt;&lt;p data-start=&#8221;998&#8243; data-end=&#8221;1035&#8243;&gt;die Herkunft des Besuchers (Referrer)&lt;\/p&gt;&lt;\/li&gt;&lt;\/ul&gt;&lt;p data-start=&#8221;1037&#8243; data-end=&#8221;1180&#8243;&gt;Die Informationen dienen ausschlie\u00dflich der Analyse des Nutzerverhaltens auf unserer Website und helfen uns dabei, unser Angebot zu optimieren.&lt;\/p&gt;&lt;p data-start=&#8221;1182&#8243; data-end=&#8221;1343&#8243;&gt;Die Erfassung der Daten erfolgt &lt;strong data-start=&#8221;1214&#8243; data-end=&#8221;1230&#8243;&gt;anonymisiert&lt;\/strong&gt;. Es werden &lt;strong data-start=&#8221;1242&#8243; data-end=&#8221;1286&#8243;&gt;keine personenbezogenen Profile erstellt&lt;\/strong&gt;. Die Daten verbleiben ausschlie\u00dflich auf unserem Server.&lt;\/p&gt;&lt;p data-start=&#8221;1345&#8243; data-end=&#8221;1617&#8243;&gt;Wenn Sie mit der Speicherung und Auswertung dieser Daten nicht einverstanden sind, k\u00f6nnen Sie der Speicherung und Nutzung jederzeit widersprechen. In diesem Fall wird in Ihrem Browser ein &lt;strong data-start=&#8221;1533&#8243; data-end=&#8221;1551&#8243;&gt;Opt-Out-Cookie&lt;\/strong&gt; gesetzt, der verhindert, dass Matomo &lt;strong data-start=&#8221;1589&#8243; data-end=&#8221;1616&#8243;&gt;Sitzungsdaten speichert&lt;\/strong&gt;:&lt;\/p&gt;&lt;p data-start=&#8221;1619&#8243; data-end=&#8221;1635&#8243;&gt;<p id=\"matomo_opted_out_intro\" style=\"display:none;\">Opt-out complete; your visits to this website will not be recorded by the Web Analytics tool. Note that if you clear your cookies, delete the opt-out cookie, or if you change computers or Web browsers, you will need to perform the opt-out procedure again.<\/p><p id=\"matomo_opted_in_intro\" >You may choose to prevent this website from aggregating and analyzing the actions you take here. Doing so will protect your privacy, but will also prevent the owner from learning from your actions and creating a better experience for you and other users.<\/p><form>\n        <input type=\"checkbox\" id=\"matomo_optout_checkbox\" checked=\"checked\"\/>\n        <label for=\"matomo_optout_checkbox\"><strong>\n        <span id=\"matomo_opted_in_label\" >You are not opted out. Uncheck this box to opt-out.<\/span>\n\t\t<span id=\"matomo_opted_out_label\" style=\"display:none;\">You are currently opted out. Check this box to opt-in.<\/span>\n        <\/strong><\/label><\/form><noscript><p><strong style=\"color: #ff0000;\">This opt out feature requires JavaScript.<\/strong><\/p><\/noscript><p id=\"matomo_outout_err_cookies\" style=\"display: none;\"><strong>The tracking opt-out feature requires cookies to be enabled.<\/strong><\/p>&lt;\/p&gt;&lt;p data-start=&#8221;1637&#8243; data-end=&#8221;1788&#8243;&gt;Bitte beachten Sie: Wenn Sie Ihre Cookies l\u00f6schen, wird auch das Opt-Out-Cookie entfernt. In diesem Fall m\u00fcssen Sie die Deaktivierung erneut vornehmen.&lt;\/p&gt;&lt;\/div&gt;&lt;div&gt; &lt;\/div&gt;&lt;div class=&#8221; et_pb_row et_pb_row_0&#8243;&gt;&lt;strong&gt;Datenschutzbeauftragter&lt;\/strong&gt;&lt;\/div&gt;&lt;div class=&#8221; et_pb_row et_pb_row_0&#8243;&gt;Asc-Dienstleitungs GmbH&lt;br \/&gt;Danziger Strasse 21&lt;br \/&gt;37083 G\u00f6ttingen&lt;br \/&gt;&lt;a href=&#8221;mailto:datenschutz@asc46.de&#8221;&gt;datenschutz@asc46.de&lt;\/a&gt;&lt;\/div&gt;\t\t\t\t\t\t\t\t<\/div>\n\t\t\t\t<\/div>\n\t\t\t\t\t<\/div>\n\t\t\t\t<\/div>\n\t\t\t\t<\/div>\n\t\t","protected":false},"excerpt":{"rendered":"<p>Privacy policy &lt;div&gt;Wir freuen uns sehr \u00fcber Ihr Interesse an unserem Unternehmen. Datenschutz hat einen&lt;br \/&gt;besonders hohen Stellenwert f\u00fcr die<\/p>\n","protected":false},"author":1,"featured_media":0,"parent":0,"menu_order":0,"comment_status":"closed","ping_status":"open","template":"","meta":{"footnotes":""},"class_list":["post-25354","page","type-page","status-publish","hentry"],"yoast_head":"<!-- This site is optimized with the Yoast SEO plugin v27.2 - https:\/\/yoast.com\/product\/yoast-seo-wordpress\/ -->\n<title>Privacy policy | Breuell &amp; Hilgenfeldt GmbH<\/title>\n<meta name=\"robots\" content=\"noindex, follow, max-snippet:-1, max-image-preview:large, max-video-preview:-1\" \/>\n<meta property=\"og:locale\" content=\"en_US\" \/>\n<meta property=\"og:type\" content=\"article\" \/>\n<meta property=\"og:title\" content=\"Privacy policy | Breuell &amp; Hilgenfeldt GmbH\" \/>\n<meta property=\"og:description\" content=\"Privacy policy &lt;div&gt;Wir freuen uns sehr \u00fcber Ihr Interesse an unserem Unternehmen. Datenschutz hat einen&lt;br \/&gt;besonders hohen Stellenwert f\u00fcr die\" \/>\n<meta property=\"og:url\" content=\"https:\/\/alex.breuell-hilgenfeldt.de\/en\/privacy-policy\/\" \/>\n<meta property=\"og:site_name\" content=\"Breuell &amp; Hilgenfeldt GmbH\" \/>\n<meta property=\"article:modified_time\" content=\"2025-05-28T10:49:39+00:00\" \/>\n<meta property=\"og:image\" content=\"https:\/\/alex.breuell-hilgenfeldt.de\/wp-content\/uploads\/2024\/02\/Logo-Website.png\" \/>\n\t<meta property=\"og:image:width\" content=\"1200\" \/>\n\t<meta property=\"og:image:height\" content=\"675\" \/>\n\t<meta property=\"og:image:type\" content=\"image\/png\" \/>\n<meta name=\"twitter:card\" content=\"summary_large_image\" \/>\n<meta name=\"twitter:label1\" content=\"Est. reading time\" \/>\n\t<meta name=\"twitter:data1\" content=\"31 minutes\" \/>\n<script type=\"application\/ld+json\" class=\"yoast-schema-graph\">{\"@context\":\"https:\/\/schema.org\",\"@graph\":[{\"@type\":\"WebPage\",\"@id\":\"https:\/\/alex.breuell-hilgenfeldt.de\/en\/privacy-policy\/\",\"url\":\"https:\/\/alex.breuell-hilgenfeldt.de\/en\/privacy-policy\/\",\"name\":\"Privacy policy | Breuell &amp; Hilgenfeldt GmbH\",\"isPartOf\":{\"@id\":\"https:\/\/alex.breuell-hilgenfeldt.de\/en\/#website\"},\"datePublished\":\"2023-09-19T08:19:56+00:00\",\"dateModified\":\"2025-05-28T10:49:39+00:00\",\"breadcrumb\":{\"@id\":\"https:\/\/alex.breuell-hilgenfeldt.de\/en\/privacy-policy\/#breadcrumb\"},\"inLanguage\":\"en-US\",\"potentialAction\":[{\"@type\":\"ReadAction\",\"target\":[\"https:\/\/alex.breuell-hilgenfeldt.de\/en\/privacy-policy\/\"]}]},{\"@type\":\"BreadcrumbList\",\"@id\":\"https:\/\/alex.breuell-hilgenfeldt.de\/en\/privacy-policy\/#breadcrumb\",\"itemListElement\":[{\"@type\":\"ListItem\",\"position\":1,\"name\":\"Startseite\",\"item\":\"https:\/\/alex.breuell-hilgenfeldt.de\/en\/home\/\"},{\"@type\":\"ListItem\",\"position\":2,\"name\":\"Privacy policy\"}]},{\"@type\":\"WebSite\",\"@id\":\"https:\/\/alex.breuell-hilgenfeldt.de\/en\/#website\",\"url\":\"https:\/\/alex.breuell-hilgenfeldt.de\/en\/\",\"name\":\"Breuell & Hilgenfeldt GmbH\",\"description\":\"\",\"publisher\":{\"@id\":\"https:\/\/alex.breuell-hilgenfeldt.de\/en\/#organization\"},\"alternateName\":\"B&H\",\"potentialAction\":[{\"@type\":\"SearchAction\",\"target\":{\"@type\":\"EntryPoint\",\"urlTemplate\":\"https:\/\/alex.breuell-hilgenfeldt.de\/en\/?s={search_term_string}\"},\"query-input\":{\"@type\":\"PropertyValueSpecification\",\"valueRequired\":true,\"valueName\":\"search_term_string\"}}],\"inLanguage\":\"en-US\"},{\"@type\":\"Organization\",\"@id\":\"https:\/\/alex.breuell-hilgenfeldt.de\/en\/#organization\",\"name\":\"Breuell & Hilgenfeldt GmbH\",\"alternateName\":\"B&H\",\"url\":\"https:\/\/alex.breuell-hilgenfeldt.de\/en\/\",\"logo\":{\"@type\":\"ImageObject\",\"inLanguage\":\"en-US\",\"@id\":\"https:\/\/alex.breuell-hilgenfeldt.de\/en\/#\/schema\/logo\/image\/\",\"url\":\"https:\/\/alex.breuell-hilgenfeldt.de\/wp-content\/uploads\/2024\/02\/Logo-kompakt.png\",\"contentUrl\":\"https:\/\/alex.breuell-hilgenfeldt.de\/wp-content\/uploads\/2024\/02\/Logo-kompakt.png\",\"width\":696,\"height\":696,\"caption\":\"Breuell & Hilgenfeldt GmbH\"},\"image\":{\"@id\":\"https:\/\/alex.breuell-hilgenfeldt.de\/en\/#\/schema\/logo\/image\/\"}}]}<\/script>\n<!-- \/ Yoast SEO plugin. -->","yoast_head_json":{"title":"Privacy policy | Breuell &amp; Hilgenfeldt GmbH","robots":{"index":"noindex","follow":"follow","max-snippet":"max-snippet:-1","max-image-preview":"max-image-preview:large","max-video-preview":"max-video-preview:-1"},"og_locale":"en_US","og_type":"article","og_title":"Privacy policy | Breuell &amp; Hilgenfeldt GmbH","og_description":"Privacy policy &lt;div&gt;Wir freuen uns sehr \u00fcber Ihr Interesse an unserem Unternehmen. Datenschutz hat einen&lt;br \/&gt;besonders hohen Stellenwert f\u00fcr die","og_url":"https:\/\/alex.breuell-hilgenfeldt.de\/en\/privacy-policy\/","og_site_name":"Breuell &amp; Hilgenfeldt GmbH","article_modified_time":"2025-05-28T10:49:39+00:00","og_image":[{"width":1200,"height":675,"url":"https:\/\/alex.breuell-hilgenfeldt.de\/wp-content\/uploads\/2024\/02\/Logo-Website.png","type":"image\/png"}],"twitter_card":"summary_large_image","twitter_misc":{"Est. reading time":"31 minutes"},"schema":{"@context":"https:\/\/schema.org","@graph":[{"@type":"WebPage","@id":"https:\/\/alex.breuell-hilgenfeldt.de\/en\/privacy-policy\/","url":"https:\/\/alex.breuell-hilgenfeldt.de\/en\/privacy-policy\/","name":"Privacy policy | Breuell &amp; Hilgenfeldt GmbH","isPartOf":{"@id":"https:\/\/alex.breuell-hilgenfeldt.de\/en\/#website"},"datePublished":"2023-09-19T08:19:56+00:00","dateModified":"2025-05-28T10:49:39+00:00","breadcrumb":{"@id":"https:\/\/alex.breuell-hilgenfeldt.de\/en\/privacy-policy\/#breadcrumb"},"inLanguage":"en-US","potentialAction":[{"@type":"ReadAction","target":["https:\/\/alex.breuell-hilgenfeldt.de\/en\/privacy-policy\/"]}]},{"@type":"BreadcrumbList","@id":"https:\/\/alex.breuell-hilgenfeldt.de\/en\/privacy-policy\/#breadcrumb","itemListElement":[{"@type":"ListItem","position":1,"name":"Startseite","item":"https:\/\/alex.breuell-hilgenfeldt.de\/en\/home\/"},{"@type":"ListItem","position":2,"name":"Privacy policy"}]},{"@type":"WebSite","@id":"https:\/\/alex.breuell-hilgenfeldt.de\/en\/#website","url":"https:\/\/alex.breuell-hilgenfeldt.de\/en\/","name":"Breuell & Hilgenfeldt GmbH","description":"","publisher":{"@id":"https:\/\/alex.breuell-hilgenfeldt.de\/en\/#organization"},"alternateName":"B&H","potentialAction":[{"@type":"SearchAction","target":{"@type":"EntryPoint","urlTemplate":"https:\/\/alex.breuell-hilgenfeldt.de\/en\/?s={search_term_string}"},"query-input":{"@type":"PropertyValueSpecification","valueRequired":true,"valueName":"search_term_string"}}],"inLanguage":"en-US"},{"@type":"Organization","@id":"https:\/\/alex.breuell-hilgenfeldt.de\/en\/#organization","name":"Breuell & Hilgenfeldt GmbH","alternateName":"B&H","url":"https:\/\/alex.breuell-hilgenfeldt.de\/en\/","logo":{"@type":"ImageObject","inLanguage":"en-US","@id":"https:\/\/alex.breuell-hilgenfeldt.de\/en\/#\/schema\/logo\/image\/","url":"https:\/\/alex.breuell-hilgenfeldt.de\/wp-content\/uploads\/2024\/02\/Logo-kompakt.png","contentUrl":"https:\/\/alex.breuell-hilgenfeldt.de\/wp-content\/uploads\/2024\/02\/Logo-kompakt.png","width":696,"height":696,"caption":"Breuell & Hilgenfeldt GmbH"},"image":{"@id":"https:\/\/alex.breuell-hilgenfeldt.de\/en\/#\/schema\/logo\/image\/"}}]}},"_links":{"self":[{"href":"https:\/\/alex.breuell-hilgenfeldt.de\/en\/wp-json\/wp\/v2\/pages\/25354","targetHints":{"allow":["GET"]}}],"collection":[{"href":"https:\/\/alex.breuell-hilgenfeldt.de\/en\/wp-json\/wp\/v2\/pages"}],"about":[{"href":"https:\/\/alex.breuell-hilgenfeldt.de\/en\/wp-json\/wp\/v2\/types\/page"}],"author":[{"embeddable":true,"href":"https:\/\/alex.breuell-hilgenfeldt.de\/en\/wp-json\/wp\/v2\/users\/1"}],"replies":[{"embeddable":true,"href":"https:\/\/alex.breuell-hilgenfeldt.de\/en\/wp-json\/wp\/v2\/comments?post=25354"}],"version-history":[{"count":2,"href":"https:\/\/alex.breuell-hilgenfeldt.de\/en\/wp-json\/wp\/v2\/pages\/25354\/revisions"}],"predecessor-version":[{"id":34233,"href":"https:\/\/alex.breuell-hilgenfeldt.de\/en\/wp-json\/wp\/v2\/pages\/25354\/revisions\/34233"}],"wp:attachment":[{"href":"https:\/\/alex.breuell-hilgenfeldt.de\/en\/wp-json\/wp\/v2\/media?parent=25354"}],"curies":[{"name":"wp","href":"https:\/\/api.w.org\/{rel}","templated":true}]}}